{"id":839,"date":"2013-08-22T16:31:02","date_gmt":"2013-08-22T16:31:02","guid":{"rendered":"https:\/\/uned-illesbalears.net\/?page_id=839"},"modified":"2018-01-27T14:41:35","modified_gmt":"2018-01-27T12:41:35","slug":"profesores-tutores","status":"publish","type":"page","link":"https:\/\/uned-illesbalears.net\/ca\/qualitat\/profesores-tutores\/","title":{"rendered":"5.Profesorado tutor"},"content":{"rendered":"<h6>\u00a0Curso 2017-2018<\/h6>\n<ul>\n<li>\n<h6><span style=\"color: #008000;\"><a style=\"color: #008000;\" href=\"http:\/\/intranet.uned-illesbalears.net\/plan-de-accion-tutorial-grado\/\">Formulario cumplimentaci\u00f3n\u00a0 PAT asignaturas de Grado del Segundo Cuatrimestre<\/a><\/span><\/h6>\n<\/li>\n<li>\n<h6><a href=\"https:\/\/uned-illesbalears.net\/calidad\/convocatoria-elecciones-claustro\/\"><span style=\"color: #008000;\">Convocatoria Elecciones Claustro 16-11-2017<\/span><\/a><\/h6>\n<\/li>\n<li>\n<h6><a href=\"https:\/\/uned-illesbalears.net\/wp-content\/uploads\/2017\/08\/Calendario-Acad\u00e9mico-2017-18.pdf\" class=\"mtli_attachment mtli_pdf\"><span style=\"color: #008000;\">Calendario-Acad\u00e9mico-2017-2018<\/span><\/a><\/h6>\n<\/li>\n<li>\n<h6><a href=\"https:\/\/uned-illesbalears.net\/wp-content\/uploads\/2017\/06\/CalendarioAcad\u00e9mico2017-2018.pdf\" class=\"mtli_attachment mtli_pdf\"><span style=\"color: #008000;\">Calendario Administrativo 2017-2018<\/span><\/a><\/h6>\n<\/li>\n<li>\n<h6><span style=\"color: #008000;\"><a href=\"https:\/\/uned-illesbalears.net\/Director\/ManualAcogidaPTLesIllesBalearsseptiembre2017-2018C.pdf\" class=\"mtli_attachment mtli_pdf\"><span style=\"color: #008000;\">Manual de Acogida Profesorado Tutor 2017-2018<\/span><\/a><\/span><\/h6>\n<\/li>\n<li>\n<h6><a href=\"https:\/\/uned-illesbalears.net\/wp-content\/uploads\/2014\/09\/5.3.2.MCPE_.PerfilTutorLesIllesBalears2017-2018.pdf\" class=\"mtli_attachment mtli_pdf\"><span style=\"color: #008000;\">5.3.2.MCPE.PerfilTutorLesIllesBalears2017-2018<\/span><\/a><\/h6>\n<\/li>\n<li>\n<h6><span style=\"color: #008000;\"><a href=\"https:\/\/uned-illesbalears.net\/wp-content\/uploads\/2013\/08\/Calendario_Actividades_ProfesoradoTutor_1\u00baCuatrimestre1718.pdf\" class=\"mtli_attachment mtli_pdf\"><span style=\"color: #008000;\">Calendario_Actividades_ProfesoradoTutor_1\u00baCuatrimestre2017-2018<\/span><\/a><\/span><\/h6>\n<\/li>\n<li>\n<h6><span style=\"color: #008000;\"><a href=\"https:\/\/uned-illesbalears.net\/wp-content\/uploads\/2013\/08\/CalendarioClasesTutor\u00edas1\u00baCuatrimestre1718.pdf\" class=\"mtli_attachment mtli_pdf\"><span style=\"color: #008000;\">CalendarioClasesTutor\u00edas1\u00baCuatrimestre2017-2018<\/span><\/a><\/span><\/h6>\n<\/li>\n<li>\n<h6><span style=\"color: #008000;\"><a style=\"color: #008000;\" href=\"https:\/\/uned-illesbalears.net\/wp-content\/uploads\/2018\/01\/CalendarioClasesTutor\u00edas2\u00baCuatrimestre2017-2018.pdf\" class=\"mtli_attachment mtli_pdf\">CalendarioClasesTutor\u00edas2\u00baCuatrimestre2017-2018<\/a><\/span><\/h6>\n<\/li>\n<li>\n<h6><a href=\"https:\/\/uned-illesbalears.net\/wp-content\/uploads\/2013\/08\/5.3.2.-Declaraci\u00f3nCompatibilidadPTLesIllesBalearsCurso2017-2018.doc\" class=\"mtli_attachment mtli_doc\"><span style=\"color: #008000;\">5.3.2. Declaraci\u00f3nCompatibilidadPTLesIllesBalearsCurso2017-2018<\/span><\/a><\/h6>\n<\/li>\n<li>\n<h6><a href=\"https:\/\/uned-illesbalears.net\/wp-content\/uploads\/2013\/08\/5.3.2.Realci\u00f3nProfesionesCompatibilidadLesIllesBalears2017-2018.pdf\" class=\"mtli_attachment mtli_pdf\"><span style=\"color: #008000;\">5.3.2.Relaci\u00f3nProfesionesCompatibilidadLesIllesBalears2017-2018<\/span><\/a><\/h6>\n<\/li>\n<li>\n<h6><span style=\"color: #008000;\"><a href=\"https:\/\/uned-illesbalears.net\/Director\/GUION%20DE%20PRACTICAS-(TUT%20AVIP%20POLYCOM)%20v20.pdf\" class=\"mtli_attachment mtli_pdf\"><span style=\"color: #008000;\">Formaci\u00f3n AVIP: Gui\u00f3n de pr\u00e1cticas<\/span><\/a><\/span><\/h6>\n<\/li>\n<li>\n<h6><a href=\"https:\/\/uned-illesbalears.net\/contactar\/solicitud-de-prestamo-de-libro-de-bibliografia-basica-de-una-asignatura-de-gradocurso-de-accesocuid\/\"><span style=\"color: #008000;\">Solicitud de pr\u00e9stamo de libro de una asignatura de Grado\/Curso de Acceso\/CUID<\/span><\/a><\/h6>\n<\/li>\n<li>\n<h6><span style=\"color: #008000;\"><a href=\"https:\/\/uned-illesbalears.net\/contactar\/buzon-de-sugerencias\/\"><span style=\"color: #008000;\">Solicitud Cambio Clases tutor\u00edas<\/span><\/a><\/span><\/h6>\n<\/li>\n<li>\n<h6><a href=\"http:\/\/uned.agendaswing.com\/accion-tutorial-grado\/\"><span style=\"color: #008000;\">Formulario cumplimentaci\u00f3n PAT de una asignatura Primer cuatrimestre de Grado<\/span><\/a><\/h6>\n<\/li>\n<li>\n<h6><a href=\"http:\/\/uned.agendaswing.com\/accion-tutorial-acceso\/\"><span style=\"color: #008000;\">Formulario cumplimentaci\u00f3n PAT de una asignatura del Curso de Acceso<\/span><\/a><\/h6>\n<\/li>\n<li class=\"page_item page-item-45214\">\n<h6><span style=\"color: #008000;\"><a href=\"https:\/\/uned-illesbalears.net\/contactar\/registro-de-correccion-de-pecs-del-profesorado-tutor-ficha-no1\/\"><span style=\"color: #008000;\">Registro Correcci\u00f3n de PECs del profesorado tutor. Ficha n\u00ba1<\/span><\/a><\/span><\/h6>\n<\/li>\n<li class=\"page_item page-item-45214\">\n<h6><span style=\"color: #008000;\"><a href=\"https:\/\/uned-illesbalears.net\/contactar\/registro-de-correccion-de-pecs-del-profesorado-tutor-ficha-no2\/\"><span style=\"color: #008000;\">Registro Correcci\u00f3n de PECs del profesorado tutor Ficha n\u00ba2<\/span><\/a><\/span><\/h6>\n<\/li>\n<li class=\"page_item page-item-58667\">\n<h6><span style=\"color: #008000;\"><a href=\"https:\/\/uned-illesbalears.net\/contactar\/autoinforme-profesorado-tutor-de-grado\/\"><span style=\"color: #008000;\">Autoinforme Profesorado Tutor de Grado<\/span><\/a><\/span><\/h6>\n<\/li>\n<li class=\"page_item page-item-58667\">\n<h6><span style=\"color: #008000;\"><a href=\"https:\/\/uned-illesbalears.net\/contactar\/autoinforme-profesorado-tutor-del-curso-de-acceso\/\"><span style=\"color: #008000;\">Autoinforme Profesorado Tutor del Curso de Acceso<\/span> <\/a><\/span><\/h6>\n<\/li>\n<li class=\"page_item page-item-58625\">\n<h6><span style=\"color: #008000;\"><a href=\"https:\/\/uned-illesbalears.net\/contactar\/autoinforme-profesorado-tutor-intercampus\/\"><span style=\"color: #008000;\">Autoinforme Profesorado Tutor Intercampus<\/span><\/a><\/span><\/h6>\n<\/li>\n<li class=\"page_item page-item-64848\">\n<h6><span style=\"color: #008000;\"><a href=\"https:\/\/uned-illesbalears.net\/contactar\/grabacion-usuario-propio-profesorado-tutor\/\">Grabaci\u00f3n Usuario Propio profesorado tutor<\/a><\/span><\/h6>\n<\/li>\n<li>\n<h6><a href=\"https:\/\/uned-illesbalears.net\/wp-content\/uploads\/2013\/08\/3.1.1.PCGE_.PlanAcademicoDocenteLesIllesBalears2017-2018.pdf\" class=\"mtli_attachment mtli_pdf\"><span style=\"color: #008000;\">3.1.1.PCGE.PlanAcademicoDocenteLesIllesBalears2017-2018<\/span><\/a><\/h6>\n<\/li>\n<li>\n<h6><span style=\"color: #008000;\"><a href=\"https:\/\/uned-illesbalears.net\/wp-content\/uploads\/2013\/08\/5.1.1.MCPE_.SistemaGestionPersonasLesIllesBalears2017-2018.pdf\" class=\"mtli_attachment mtli_pdf\"><span style=\"color: #008000;\">5.1.1.MCPE.SistemaGestionPersonasLesIllesBalears2017-2018<\/span><\/a><\/span><\/h6>\n<\/li>\n<li>\n<h6><a href=\"https:\/\/uned-illesbalears.net\/wp-content\/uploads\/2013\/08\/5.1.2.-ModeloDefinici\u00f3nPuestosTrabajoLesIllesBalears2017-2018.pdf\" class=\"mtli_attachment mtli_pdf\"><span style=\"color: #008000;\">5.1.2. ModeloDefinici\u00f3nPuestosTrabajoLesIllesBalears2017-2018<\/span><\/a><\/h6>\n<\/li>\n<\/ul>\n<p>&nbsp;<\/p>\n<h6>Curso 2016-2017<\/h6>\n<ul>\n<li>\n<h6><span style=\"color: #008000;\"><a style=\"color: #008000;\" href=\"https:\/\/uned-illesbalears.net\/wp-content\/uploads\/2016\/07\/Calendario-Acad\u00e9mico-2016-17.pdf\" class=\"mtli_attachment mtli_pdf\">CalendarioAcad\u00e9mico2016-2017 <\/a><\/span><\/h6>\n<\/li>\n<li>\n<h6><span style=\"color: #008000;\"><a style=\"color: #008000;\" href=\"https:\/\/uned-illesbalears.net\/wp-content\/uploads\/2014\/10\/CalendarioAdministrativo2016-2017.pdf\" class=\"mtli_attachment mtli_pdf\">CalendarioAdministrativo2016-2017<\/a><\/span><\/h6>\n<\/li>\n<li>\n<h6><span style=\"color: #008000;\"><a style=\"color: #008000;\" href=\"https:\/\/uned-illesbalears.net\/contactar\/buzon-de-sugerencias\/\">Solicitud Cambio Clases tutor\u00edas<\/a><\/span><\/h6>\n<\/li>\n<li class=\"page_item page-item-45214\">\n<h6><span style=\"color: #008000;\"><a style=\"color: #008000;\" href=\"https:\/\/uned-illesbalears.net\/contactar\/registro-de-correccion-de-pecs-del-profesorado-tutor-ficha-no1\/\">Registro Correcci\u00f3n de PECs del profesorado tutor. Ficha n\u00ba1<\/a><\/span><\/h6>\n<\/li>\n<li class=\"page_item page-item-45214\">\n<h6><span style=\"color: #008000;\"><a style=\"color: #008000;\" href=\"https:\/\/uned-illesbalears.net\/contactar\/registro-de-correccion-de-pecs-del-profesorado-tutor-ficha-no2\/\">Registro Correcci\u00f3n de PECs del profesorado tutor Ficha n\u00ba2<\/a><\/span><\/h6>\n<\/li>\n<li class=\"page_item page-item-58667\">\n<h6><span style=\"color: #008000;\"><a style=\"color: #008000;\" href=\"https:\/\/uned-illesbalears.net\/contactar\/autoinforme-profesorado-tutor-de-grado\/\">Autoinforme Profesorado Tutor de Grado<\/a><\/span><\/h6>\n<\/li>\n<li class=\"page_item page-item-58667\">\n<h6><span style=\"color: #008000;\"><a style=\"color: #008000;\" href=\"https:\/\/uned-illesbalears.net\/contactar\/autoinforme-profesorado-tutor-del-curso-de-acceso\/\">Autoinforme Profesorado Tutor del Curso de Acceso <\/a><\/span><\/h6>\n<\/li>\n<li class=\"page_item page-item-58625\">\n<h6><span style=\"color: #008000;\"><a style=\"color: #008000;\" href=\"https:\/\/uned-illesbalears.net\/contactar\/autoinforme-profesorado-tutor-intercampus\/\">Autoinforme Profesorado tutor Intercampus<\/a><\/span><\/h6>\n<\/li>\n<li class=\"page_item page-item-58625\">\n<h6><span style=\"color: #008000;\"><a style=\"color: #008000;\" href=\"https:\/\/uned-illesbalears.net\/wp-content\/uploads\/2013\/08\/Plantilla.GrabacionesTutorUsuarioPropioSegundocuatrimestre1617.doc\" class=\"mtli_attachment mtli_doc\">Plantilla.GrabacionesTutorUsuarioPropioSegundocuatrimestre1617<\/a><\/span><\/h6>\n<\/li>\n<li class=\"page_item page-item-64848\">\n<h6><span style=\"color: #008000;\"><a style=\"color: #008000;\" href=\"https:\/\/uned-illesbalears.net\/contactar\/grabacion-usuario-propio-profesorado-tutor\/\">Formulario Grabaci\u00f3n Usuario Propio Profesorado Tutor<\/a><\/span><\/h6>\n<\/li>\n<li>\n<h6><span style=\"color: #008000;\"><a style=\"color: #008000;\" href=\"https:\/\/uned-illesbalears.net\/Director\/Manual%20AcogidaPTLesIllesBalearsseptiembre2016.pdf\" class=\"mtli_attachment mtli_pdf\">Manual de Acogida Profesorado tutor<\/a><br \/>\n<\/span><\/h6>\n<\/li>\n<li>\n<h6><span style=\"color: #008000;\"><a style=\"color: #008000;\" href=\"https:\/\/uned-illesbalears.net\/wp-content\/uploads\/2013\/08\/3.1.1.PerfilTutorLesIllesBalears2016-2017.pdf\" class=\"mtli_attachment mtli_pdf\">3.1.1.PerfilProfesorTutorLesIllesBalears2016-2017<\/a><\/span><\/h6>\n<\/li>\n<li>\n<h6><span style=\"color: #008000;\"><a style=\"color: #008000;\" href=\"https:\/\/uned-illesbalears.net\/wp-content\/uploads\/2016\/09\/3.1.1.PCGE-PlanacademincodocenteLesIllesBalears2016-2017.pdf\" class=\"mtli_attachment mtli_pdf\">3.1.1.PCGE-PlanAcademincoDocenteLesillesbalears2016-2017<\/a><\/span><\/h6>\n<\/li>\n<li>\n<h6><span style=\"color: #008000;\"><a style=\"color: #008000;\" href=\"https:\/\/uned-illesbalears.net\/wp-content\/uploads\/2013\/08\/5.1.1.MCPE-SistemaGestionPersonasLesIllesBalear2016-2017.pdf\" class=\"mtli_attachment mtli_pdf\">5.1.1.MCPE.SistemaGestionPersonasLesIllesBalear2016-2017<\/a><\/span><\/h6>\n<\/li>\n<li>\n<h6><span style=\"color: #008000;\"><a style=\"color: #008000;\" href=\"https:\/\/uned-illesbalears.net\/wp-content\/uploads\/2013\/08\/5.1.2.-Modelo-de-definici\u00f3n-de-puestos-de-trabajoV2.pdf\" class=\"mtli_attachment mtli_pdf\">5.1.2. Modelo de definici\u00f3n de puestos de trabajoV2<\/a><\/span><\/h6>\n<\/li>\n<li>\n<h6><span style=\"color: #008000;\">Las gratificaciones del profesorado tutor en el desarrollo de las clases tutor\u00edas, en sus distintas modalidades se incrementa en el curso 2017-2018 un 1%.<br \/>\n<\/span><\/h6>\n<\/li>\n<li>\n<h6><span style=\"color: #008000;\">En el curso 2016-2017 se abona\u00a0 una gratificaci\u00f3n adicional a aquellas personas que tienen que corregir m\u00e1s de 40 PECs en una asignatura, \u00a0(aquellas que s\u00f3lo constan de una p\u00e1gina se\u00a0 agrupan),\u00a0 3 \u20ac por cada PEC adicional (retenci\u00f3n 15%). Se\u00a0 realiza independientemente del n\u00famero de PECs que\u00a0 corrige la persona tutora en otras asignaturas y aunque la media no alcance el n\u00famero de 40.<\/span><\/h6>\n<\/li>\n<li>\n<h6><span style=\"color: #008000;\"><a style=\"color: #008000;\" href=\"https:\/\/uned-illesbalears.net\/wp-content\/uploads\/2013\/08\/4.1.2.Retribuci\u00f3nClasesTutor\u00edas2016-2017.pdf\" class=\"mtli_attachment mtli_pdf\">4.1.2.Gratificaci\u00f3nClasesTutorias2016-2017<\/a><\/span><\/h6>\n<\/li>\n<\/ul>\n<ul>\n<li>\n<h6><span style=\"color: #008000;\"><a style=\"color: #008000;\" href=\"https:\/\/uned-illesbalears.net\/wp-content\/uploads\/2013\/08\/Estatutodelprofesortutor2016.pdf\" class=\"mtli_attachment mtli_pdf\">EstatutoProfesorTutor2016<\/a>\u00a0<\/span>(Aprobado Consejo Gobierno del 30 de abril de 2013, incluye las modificaciones aprobadas por el Consejo de Gobierno el 1 de julio de 2014 y el 4 de octubre de 2016)<\/h6>\n<\/li>\n<li>\n<h6><span style=\"color: #008000;\"><a style=\"color: #008000;\" href=\"https:\/\/uned-illesbalears.net\/wp-content\/uploads\/2013\/08\/CAMPUS-TERRITORIALES-UNED.pdf\" class=\"mtli_attachment mtli_pdf\">ReglamentoCampusTerritorialesUned\u00a0<\/a>\u00a0\u00a0\u00a0\u00a0\u00a0 <span style=\"color: #000000;\">(Aprobado mayo 2016)<\/span><\/span><\/h6>\n<\/li>\n<li>\n<h6 style=\"color: #008000;\"><span style=\"color: #008000;\"><a href=\"https:\/\/uned-illesbalears.net\/wp-content\/uploads\/2013\/08\/ROFCALESILLESBALEARSCG260612.pdf\" class=\"mtli_attachment mtli_pdf\"><span style=\"color: #008000;\">Reglamento de Organizaci\u00f3n y Funcionamiento del CA UNED Les Illes Balears<\/span><\/a>\u00a0<\/span>\u00a0(Aprobado Consejo Gobierno del 26 de junio de 2012)<\/h6>\n<\/li>\n<li>\n<h6><span style=\"color: #008000;\"><a style=\"color: #008000;\" href=\"https:\/\/uned-illesbalears.net\/wp-content\/uploads\/2013\/08\/GuiaInternaSostenibilidadmedioambiental1.pdf\" class=\"mtli_attachment mtli_pdf\">GuiaInternaSostenibilidadmedioambiental\u00a0<\/a>\u00a0\u00a0\u00a0\u00a0\u00a0\u00a0\u00a0\u00a0\u00a0\u00a0\u00a0\u00a0\u00a0\u00a0\u00a0\u00a0\u00a0\u00a0\u00a0\u00a0\u00a0\u00a0\u00a0\u00a0\u00a0\u00a0\u00a0\u00a0 <\/span><span style=\"color: #008000;\"><a style=\"color: #008000;\" href=\"https:\/\/uned-illesbalears.net\/wp-content\/uploads\/2013\/08\/GuiaInternaSostenibilidadmedioambientalcat.pdf\" class=\"mtli_attachment mtli_pdf\">GuiaInternaSostenibilidadmedioambientalcat<\/a><\/span><\/h6>\n<\/li>\n<li>\n<h6><span style=\"color: #008000;\"><a style=\"color: #008000;\" href=\"https:\/\/uned-illesbalears.net\/wp-content\/uploads\/2013\/08\/convenioUNEDLesIllesBalears.pdf\" class=\"mtli_attachment mtli_pdf\">ConvenioUNEDLesIllesBalears2002<\/a><\/span><\/h6>\n<\/li>\n<li>\n<h6><span style=\"color: #008000;\"><a style=\"color: #008000;\" href=\"https:\/\/uned-illesbalears.net\/wp-content\/uploads\/2013\/08\/Estatutos2015cast.pdf\" class=\"mtli_attachment mtli_pdf\">EstatutosUNEDLesIllesBalears2015cast<\/a><\/span><\/h6>\n<\/li>\n<li>\n<h6><span style=\"color: #008000;\"><a style=\"color: #008000;\" href=\"https:\/\/uned-illesbalears.net\/wp-content\/uploads\/2013\/08\/Estatutos2015cat.pdf\" class=\"mtli_attachment mtli_pdf\">EstatutosUNEDLesIllesBalears2015cat<\/a><\/span><\/h6>\n<\/li>\n<li>\n<h6><span style=\"color: #008000;\"><a style=\"color: #008000;\" href=\"https:\/\/uned-illesbalears.net\/wp-content\/uploads\/2013\/08\/AdendaadaptacionEstatutosLesIllesBalears.pdf\" class=\"mtli_attachment mtli_pdf\">Adenda adaptaci\u00f3n EstatutosLesIllesBalears<\/a><\/span><\/h6>\n<\/li>\n<li>\n<h6><span style=\"color: #008000;\"><a style=\"color: #008000;\" href=\"https:\/\/uned-illesbalears.net\/wp-content\/uploads\/2016\/04\/ConvenioCesi\u00f3nAyuntamientoPalma.pdf\" class=\"mtli_attachment mtli_pdf\">ConvenioCesi\u00f3nAyuntamientoPalma<\/a><\/span><\/h6>\n<\/li>\n<li>\n<h6><span style=\"color: #008000;\"><a style=\"color: #008000;\" href=\"https:\/\/uned-illesbalears.net\/wp-content\/uploads\/2016\/04\/ConvenioAyuntamientoMao.pdf\" class=\"mtli_attachment mtli_pdf\">ConvenioCesi\u00f3nAyuntamientoMao<\/a><\/span><\/h6>\n<\/li>\n<\/ul>\n<p>&nbsp;<\/p>\n<p>&nbsp;<\/p>\n<h6><\/h6>\n","protected":false},"excerpt":{"rendered":"<p>\u00a0Curso 2017-2018 Formulario cumplimentaci\u00f3n\u00a0 PAT asignaturas de Grado del Segundo Cuatrimestre Convocatoria Elecciones Claustro 16-11-2017 Calendario-Acad\u00e9mico-2017-2018 Calendario Administrativo 2017-2018 Manual de Acogida Profesorado Tutor 2017-2018 5.3.2.MCPE.PerfilTutorLesIllesBalears2017-2018 Calendario_Actividades_ProfesoradoTutor_1\u00baCuatrimestre2017-2018 CalendarioClasesTutor\u00edas1\u00baCuatrimestre2017-2018 CalendarioClasesTutor\u00edas2\u00baCuatrimestre2017-2018 5.3.2. Declaraci\u00f3nCompatibilidadPTLesIllesBalearsCurso2017-2018 5.3.2.Relaci\u00f3nProfesionesCompatibilidadLesIllesBalears2017-2018 Formaci\u00f3n AVIP: Gui\u00f3n de pr\u00e1cticas Solicitud de pr\u00e9stamo de libro de una asignatura de Grado\/Curso de Acceso\/CUID Solicitud Cambio Clases tutor\u00edas Formulario cumplimentaci\u00f3n [&hellip;]<\/p>\n","protected":false},"author":1,"featured_media":0,"parent":833,"menu_order":0,"comment_status":"closed","ping_status":"closed","template":"","meta":{"_acf_changed":false,"footnotes":""},"acf":[],"_links":{"self":[{"href":"https:\/\/uned-illesbalears.net\/ca\/wp-json\/wp\/v2\/pages\/839"}],"collection":[{"href":"https:\/\/uned-illesbalears.net\/ca\/wp-json\/wp\/v2\/pages"}],"about":[{"href":"https:\/\/uned-illesbalears.net\/ca\/wp-json\/wp\/v2\/types\/page"}],"author":[{"embeddable":true,"href":"https:\/\/uned-illesbalears.net\/ca\/wp-json\/wp\/v2\/users\/1"}],"replies":[{"embeddable":true,"href":"https:\/\/uned-illesbalears.net\/ca\/wp-json\/wp\/v2\/comments?post=839"}],"version-history":[{"count":0,"href":"https:\/\/uned-illesbalears.net\/ca\/wp-json\/wp\/v2\/pages\/839\/revisions"}],"up":[{"embeddable":true,"href":"https:\/\/uned-illesbalears.net\/ca\/wp-json\/wp\/v2\/pages\/833"}],"wp:attachment":[{"href":"https:\/\/uned-illesbalears.net\/ca\/wp-json\/wp\/v2\/media?parent=839"}],"curies":[{"name":"wp","href":"https:\/\/api.w.org\/{rel}","templated":true}]}}