{"id":83180,"date":"2017-11-20T11:59:47","date_gmt":"2017-11-20T09:59:47","guid":{"rendered":"https:\/\/uned-illesbalears.net\/?page_id=83180"},"modified":"2017-12-31T13:43:46","modified_gmt":"2017-12-31T11:43:46","slug":"convocatoria-elecciones-claustro","status":"publish","type":"page","link":"https:\/\/uned-illesbalears.net\/ca\/calidad\/convocatoria-elecciones-claustro\/","title":{"rendered":"Convocatoria Elecciones Claustro"},"content":{"rendered":"<h6><span style=\"color: #008000;\"><a href=\"https:\/\/uned-illesbalears.net\/wp-content\/uploads\/2017\/11\/Convocatoria-Elecciones-Claustro-2017FR.pdf\" class=\"mtli_attachment mtli_pdf\">Convocatoria Elecciones Claustro CA UNED Illes Balears 2017<\/a><\/span><\/h6>\n<h6><span style=\"color: #008000;\"><a href=\"https:\/\/uned-illesbalears.net\/wp-content\/uploads\/2017\/11\/Modelo-II.-Reclamaci\u00f3n-censo.doc\" class=\"mtli_attachment mtli_doc\">Modelo II. Reclamaci\u00f3n Censo provisional<\/a><\/span><\/h6>\n<h6><a href=\"https:\/\/uned-illesbalears.net\/wp-content\/uploads\/2017\/11\/Comunicacioncensodefinitivo.pdf\" class=\"mtli_attachment mtli_pdf\">Comunicaci\u00f3nCensoDefinitivo<\/a><\/h6>\n<h6><a href=\"https:\/\/uned-illesbalears.net\/wp-content\/uploads\/2017\/11\/Modelo-I-Candidaturas.doc\" class=\"mtli_attachment mtli_doc\">Modelo I (Candidaturas)<\/a>\u00a0\u00a0\u00a0\u00a0\u00a0\u00a0\u00a0 <a href=\"https:\/\/uned-illesbalears.net\/wp-content\/uploads\/2017\/11\/Modelo-I-Candidaturas.pdf\" class=\"mtli_attachment mtli_pdf\">Modelo I (Candidaturas)<\/a><\/h6>\n<h6><a href=\"https:\/\/uned-illesbalears.net\/wp-content\/uploads\/2017\/11\/ExposicionCandidatosProvisionalesF.pdf\" class=\"mtli_attachment mtli_pdf\">ExposicionCandidatosProvisionalesF<\/a><\/h6>\n<h6><a href=\"https:\/\/uned-illesbalears.net\/wp-content\/uploads\/2017\/11\/CandidaturasProvisionalesClaustroPTF.pdf\" class=\"mtli_attachment mtli_pdf\">CandidaturasProvisionalesClaustroPTF<\/a><\/h6>\n<h6><a href=\"https:\/\/uned-illesbalears.net\/wp-content\/uploads\/2017\/11\/CandidaturasProvisionalesClaustroPASfFpdf.pdf\" class=\"mtli_attachment mtli_pdf\">CandidaturasProvisionalesClaustroPASFpdf<\/a><\/h6>\n<h6><a href=\"https:\/\/uned-illesbalears.net\/wp-content\/uploads\/2017\/11\/ExposicionCandidatosProvisionales2F.pdf\" class=\"mtli_attachment mtli_pdf\">ExposicionCandidatosProvisionales2F<\/a><\/h6>\n<h6><a href=\"https:\/\/uned-illesbalears.net\/wp-content\/uploads\/2017\/11\/Candidaturas-Provisionales-EstudiantesF.pdf\" class=\"mtli_attachment mtli_pdf\">Candidaturas Provisionales EstudiantesF<\/a><\/h6>\n<h6><a href=\"https:\/\/uned-illesbalears.net\/wp-content\/uploads\/2017\/11\/Modelo-III.-ReclamacionCandidaturas.pdf\" class=\"mtli_attachment mtli_pdf\">Modelo III. ReclamacionCandidaturas<\/a>\u00a0 \u00a0 \u00a0 \u00a0 \u00a0<a href=\"https:\/\/uned-illesbalears.net\/wp-content\/uploads\/2017\/11\/Modelo-III.-ReclamacionCandidaturas.doc\" class=\"mtli_attachment mtli_doc\">Modelo III. ReclamacionCandidaturas<\/a><\/h6>\n<h6><a href=\"https:\/\/uned-illesbalears.net\/wp-content\/uploads\/2017\/12\/Proclamaci\u00f3nCandidaturasDefinitasF-1.pdf\" class=\"mtli_attachment mtli_pdf\">Proclamaci\u00f3nCandidaturasDefinitasF<\/a><\/h6>\n<h6><a href=\"https:\/\/uned-illesbalears.net\/wp-content\/uploads\/2017\/12\/CandidaturasDefinitasPTF.pdf\" class=\"mtli_attachment mtli_pdf\">CandidaturasDefinitasPTF<\/a><\/h6>\n<h6><a href=\"https:\/\/uned-illesbalears.net\/wp-content\/uploads\/2017\/12\/CandidaturasDefinitasEstudiantesF.pdf\" class=\"mtli_attachment mtli_pdf\">CandidaturasDefinitasEstudiantesF<\/a><\/h6>\n<h6><a href=\"https:\/\/uned-illesbalears.net\/wp-content\/uploads\/2017\/12\/CandidaturasDefinitasPASF.pdf\" class=\"mtli_attachment mtli_pdf\">CandidaturasDefinitasPASF<\/a><\/h6>\n<h6><a href=\"https:\/\/uned-illesbalears.net\/wp-content\/uploads\/2017\/12\/Mesa-ElectoralEleccionesClaustroF.pdf\" class=\"mtli_attachment mtli_pdf\">Mesa ElectoralEleccionesClaustroF<\/a><\/h6>\n<h6><a href=\"https:\/\/uned-illesbalears.net\/wp-content\/uploads\/2017\/12\/PapeletaProfesoradoTutor.pdf\" class=\"mtli_attachment mtli_pdf\">PapeletaProfesoradoTutor<\/a><\/h6>\n<h6><a href=\"https:\/\/uned-illesbalears.net\/wp-content\/uploads\/2017\/12\/PROCLAMACI\u00d3N-PROVISIONAL-CANDIDATOS-ELECTOSF.pdf\" class=\"mtli_attachment mtli_pdf\">PROCLAMACI\u00d3N PROVISIONAL CANDIDATOS ELECTOSF<\/a><\/h6>\n<h6><a href=\"https:\/\/uned-illesbalears.net\/wp-content\/uploads\/2017\/12\/Modelo-IV-Reclamaci\u00f3n-proclamaci\u00f3n-prov..doc\" class=\"mtli_attachment mtli_doc\">Modelo IV, Reclamaci\u00f3n proclamaci\u00f3n provisional<\/a><\/h6>\n<h6><a href=\"https:\/\/uned-illesbalears.net\/wp-content\/uploads\/2017\/12\/PROCLAMACI\u00d3NDEFINITIVACANDIDATOS-ELECTOSF.pdf\" class=\"mtli_attachment mtli_pdf\">PROCLAMACI\u00d3NDEFINITIVACANDIDATOS ELECTOSF<\/a><\/h6>\n","protected":false},"excerpt":{"rendered":"<p>Convocatoria Elecciones Claustro CA UNED Illes Balears 2017 Modelo II. Reclamaci\u00f3n Censo provisional Comunicaci\u00f3nCensoDefinitivo Modelo I (Candidaturas)\u00a0\u00a0\u00a0\u00a0\u00a0\u00a0\u00a0 Modelo I (Candidaturas) ExposicionCandidatosProvisionalesF CandidaturasProvisionalesClaustroPTF CandidaturasProvisionalesClaustroPASFpdf ExposicionCandidatosProvisionales2F Candidaturas Provisionales EstudiantesF Modelo III. ReclamacionCandidaturas\u00a0 \u00a0 \u00a0 \u00a0 \u00a0Modelo III. ReclamacionCandidaturas Proclamaci\u00f3nCandidaturasDefinitasF CandidaturasDefinitasPTF CandidaturasDefinitasEstudiantesF CandidaturasDefinitasPASF Mesa ElectoralEleccionesClaustroF PapeletaProfesoradoTutor PROCLAMACI\u00d3N PROVISIONAL CANDIDATOS ELECTOSF Modelo IV, Reclamaci\u00f3n proclamaci\u00f3n provisional PROCLAMACI\u00d3NDEFINITIVACANDIDATOS ELECTOSF<\/p>\n","protected":false},"author":1,"featured_media":0,"parent":305,"menu_order":0,"comment_status":"closed","ping_status":"closed","template":"","meta":{"_acf_changed":false,"footnotes":""},"acf":[],"_links":{"self":[{"href":"https:\/\/uned-illesbalears.net\/ca\/wp-json\/wp\/v2\/pages\/83180"}],"collection":[{"href":"https:\/\/uned-illesbalears.net\/ca\/wp-json\/wp\/v2\/pages"}],"about":[{"href":"https:\/\/uned-illesbalears.net\/ca\/wp-json\/wp\/v2\/types\/page"}],"author":[{"embeddable":true,"href":"https:\/\/uned-illesbalears.net\/ca\/wp-json\/wp\/v2\/users\/1"}],"replies":[{"embeddable":true,"href":"https:\/\/uned-illesbalears.net\/ca\/wp-json\/wp\/v2\/comments?post=83180"}],"version-history":[{"count":0,"href":"https:\/\/uned-illesbalears.net\/ca\/wp-json\/wp\/v2\/pages\/83180\/revisions"}],"up":[{"embeddable":true,"href":"https:\/\/uned-illesbalears.net\/ca\/wp-json\/wp\/v2\/pages\/305"}],"wp:attachment":[{"href":"https:\/\/uned-illesbalears.net\/ca\/wp-json\/wp\/v2\/media?parent=83180"}],"curies":[{"name":"wp","href":"https:\/\/api.w.org\/{rel}","templated":true}]}}