{"id":1360,"date":"2013-08-19T17:42:19","date_gmt":"2013-08-19T17:42:19","guid":{"rendered":"https:\/\/uned-illesbalears.net\/recursos-para-estudiantes\/classes-de-tutoria\/geografia-e-historia\/"},"modified":"2025-07-26T21:41:50","modified_gmt":"2025-07-26T19:41:50","slug":"geografia-e-historia","status":"publish","type":"page","link":"https:\/\/uned-illesbalears.net\/ca\/recursos-para-estudiantes\/classes-de-tutoria\/geografia-e-historia\/","title":{"rendered":"Grado en Geograf\u00eda e Historia \/ Grau en Geografia i Hist\u00f2ria"},"content":{"rendered":"<h4>RECURSOS<\/h4>\n<ul>\n<li>Compra de material en\u00a0<span style=\"color: #008000;\"><strong><a style=\"color: #008000;\" href=\"http:\/\/libreria.uned-illesbalears.net\/producto-categoria\/6701-grado-en-geografia-e-historia\/\">Librer\u00eda virtual<\/a><\/strong><\/span><\/li>\n<li><span style=\"color: #008000;\"><strong><a style=\"color: #008000;\" href=\"https:\/\/www.uned.es\/universidad\/inicio\/estudios\/grados\/grado-en-geografia-e-historia.html?idContenido=5\">Listado de asignaturas <\/a><\/strong><\/span><\/li>\n<li><a href=\"https:\/\/uned-illesbalears.net\/recursos-para-estudiantes\/clases-tutorias\/grabaciones-clases-tutorias-curso-2024-2025\/grado-en-geografia-e-historia\/primer-semestre\/\"><span style=\"color: #008000;\"><strong>Grabaciones (Primer cuatrimestre)<\/strong><\/span><\/a><\/li>\n<li><a href=\"https:\/\/uned-illesbalears.net\/recursos-para-estudiantes\/clases-tutorias\/grabaciones-clases-tutorias-curso-2024-2025\/grado-en-geografia-e-historia\/segundo-semestre\/\"><span style=\"color: #008000;\"><strong>Grabaciones (Segundo cuatrimestre)<\/strong><\/span><\/a><\/li>\n<\/ul>\n<h4>HORARIOS \/ HORARIS (2025\/2026)<\/h4>\n<p>\n<table id=\"tablepress-211\" class=\"tablepress tablepress-id-211 tbody-has-connected-cells\">\n<tbody class=\"row-striping row-hover\">\n<tr class=\"row-1\">\n\t<td class=\"column-1\">Consultar horarios en AkademosWeb<\/td><td class=\"column-2\"><\/td><td class=\"column-3\"><\/td><td class=\"column-4\"><\/td><td class=\"column-5\"><\/td><td class=\"column-6\"><\/td><td class=\"column-7\"><\/td><td class=\"column-8\"><\/td>\n<\/tr>\n<tr class=\"row-2\">\n\t<td class=\"column-1\"><a href=\"https:\/\/akademosweb.uned.es\/Default.aspx\">AkademosWeb<\/a><\/td><td class=\"column-2\"><\/td><td class=\"column-3\"><\/td><td class=\"column-4\"><\/td><td class=\"column-5\"><\/td><td class=\"column-6\"><\/td><td class=\"column-7\"><\/td><td class=\"column-8\"><\/td>\n<\/tr>\n<tr class=\"row-3\">\n\t<td class=\"column-1\"><\/td><td colspan=\"7\" class=\"column-2\"><h5>Primer curso\/Primer curs - Primer Cuatrimestre\/quadrimestre<\/h5><\/td>\n<\/tr>\n<tr class=\"row-4\">\n\t<td class=\"column-1\"><strong>C\u00f3digo\/Codi<\/strong><\/td><td class=\"column-2\"><strong>Asignaturas \/ Assignatures<\/strong><\/td><td class=\"column-3\"><strong>C\/Q<\/strong><\/td><td class=\"column-4\"><strong>Profesorado\/ Professorat<\/strong><\/td><td class=\"column-5\"><strong>D\u00eda\/Dia<\/strong><\/td><td class=\"column-6\"><strong>Hora<\/strong><\/td><td class=\"column-7\"><strong>Aula<\/strong><\/td><td class=\"column-8\"><strong>Sede<\/strong><\/td>\n<\/tr>\n<tr class=\"row-5\">\n\t<td class=\"column-1\">6701102-<\/td><td class=\"column-2\">H\u00aa Filosof\u00eda Antigua y Medieval\/ <br \/>\nH\u00aa Filosofia Antiga i Medieval <br \/>\n<\/td><td class=\"column-3\">1<\/td><td class=\"column-4\">D. \u00c1lvarez<\/td><td class=\"column-5\">Lunes\/Dilluns<\/td><td class=\"column-6\">18.30<\/td><td class=\"column-7\">A. 7<\/td><td class=\"column-8\">Ibiza\/Eivissa<\/td>\n<\/tr>\n<tr class=\"row-6\">\n\t<td class=\"column-1\">67011042<\/td><td class=\"column-2\">Historia antigua I\/ Hist\u00f2ria antiga I <\/td><td class=\"column-3\">1<\/td><td class=\"column-4\">B. S\u00e1nchez<\/td><td class=\"column-5\">Martes\/Dimarts<\/td><td class=\"column-6\">18.30<\/td><td class=\"column-7\">A. 3<\/td><td class=\"column-8\">Menorca<\/td>\n<\/tr>\n<tr class=\"row-7\">\n\t<td class=\"column-1\">67011013<\/td><td class=\"column-2\">Geograf\u00eda general I (F\u00edsica)\/ <br \/>\nGeografia general I (F\u00edsica) <br \/>\n<br \/>\n<\/td><td class=\"column-3\">1<\/td><td class=\"column-4\">B. S\u00e1nchez<\/td><td class=\"column-5\">Martes\/Dimarts<\/td><td class=\"column-6\">19.30<\/td><td class=\"column-7\">A. 3<\/td><td class=\"column-8\">Menorca<\/td>\n<\/tr>\n<tr class=\"row-8\">\n\t<td class=\"column-1\">67011059<\/td><td class=\"column-2\">Historia Medieval I (siglos V-XII)\/ <br \/>\nHist\u00f2ria Medieval I (segles V-XII) <br \/>\n<br \/>\n<\/td><td class=\"column-3\">1<\/td><td class=\"column-4\">L. Tudela<\/td><td class=\"column-5\">Mi\u00e9rcoles\/ Dimecres<br \/>\n<\/td><td class=\"column-6\">17.30<br \/>\n<\/td><td class=\"column-7\">T. 1<\/td><td class=\"column-8\">Mallorca<\/td>\n<\/tr>\n<tr class=\"row-9\">\n\t<td class=\"column-1\">67011036<\/td><td class=\"column-2\">Prehistoria I\/ Prehist\u00f2ria I <br \/>\n<br \/>\n<\/td><td class=\"column-3\">1<\/td><td class=\"column-4\">L. Tudela<\/td><td class=\"column-5\">Mi\u00e9rcoles\/Dimecres<br \/>\n<br \/>\n<\/td><td class=\"column-6\">18.30<br \/>\n<\/td><td class=\"column-7\">T. 1<\/td><td class=\"column-8\">Mallorca<\/td>\n<\/tr>\n<tr class=\"row-10\">\n\t<td class=\"column-1\">67011042<\/td><td class=\"column-2\">Historia antigua I\/ Hist\u00f2ria antiga I <\/td><td class=\"column-3\">1<\/td><td class=\"column-4\">L. Tudela<\/td><td class=\"column-5\">Mi\u00e9rcoles\/Dimecres<br \/>\n<\/td><td class=\"column-6\">19.30<br \/>\n<\/td><td class=\"column-7\">T. 1<\/td><td class=\"column-8\">Mallorca<\/td>\n<\/tr>\n<tr class=\"row-11\">\n\t<td class=\"column-1\">67011036<\/td><td class=\"column-2\">Prehistoria I\/ Prehist\u00f2ria I <br \/>\n<br \/>\n<\/td><td class=\"column-3\">1<\/td><td class=\"column-4\">A. Mezquida<\/td><td class=\"column-5\">Jueves\/Dijous<\/td><td class=\"column-6\">16.30<\/td><td class=\"column-7\">A. 7<\/td><td class=\"column-8\">Ibiza\/Eivissa<\/td>\n<\/tr>\n<tr class=\"row-12\">\n\t<td class=\"column-1\">6701102-<\/td><td class=\"column-2\">H\u00aa Filosof\u00eda Antigua y Medieval\/ <br \/>\nH\u00aa Filosofia Antiga i Medieval <br \/>\n<\/td><td class=\"column-3\">1<\/td><td class=\"column-4\">A. Ortega <\/td><td class=\"column-5\">Viernes\/Divendres<br \/>\n<br \/>\n<\/td><td class=\"column-6\">16.30<\/td><td class=\"column-7\">T. 1<\/td><td class=\"column-8\">Mallorca<\/td>\n<\/tr>\n<tr class=\"row-13\">\n\t<td class=\"column-1\">67011013<\/td><td class=\"column-2\">Geograf\u00eda general I (F\u00edsica)\/ <br \/>\nGeografia general I (F\u00edsica) <br \/>\n<br \/>\n<\/td><td class=\"column-3\">1<\/td><td class=\"column-4\">D. Ferrer<\/td><td class=\"column-5\">Viernes\/ Divendres<br \/>\n<br \/>\n<br \/>\n<br \/>\n<\/td><td class=\"column-6\">18.30<br \/>\n<\/td><td class=\"column-7\">T. 1<\/td><td class=\"column-8\">Mallorca<\/td>\n<\/tr>\n<\/tbody>\n<\/table>\n<!-- #tablepress-211 from cache --><br \/>\n\n<table id=\"tablepress-212\" class=\"tablepress tablepress-id-212 tbody-has-connected-cells\">\n<tbody class=\"row-striping row-hover\">\n<tr class=\"row-1\">\n\t<td class=\"column-1\"><\/td><td colspan=\"7\" class=\"column-2\"><h5>Primer curso\/Primer curs - Segundo Cuatrimestre\/Segon quadrimestre<\/h5><\/td>\n<\/tr>\n<tr class=\"row-2\">\n\t<td class=\"column-1\"><strong>C\u00f3digo\/Codi<\/strong><\/td><td class=\"column-2\"><strong>Asignaturas \/ Assignatures<\/strong><\/td><td class=\"column-3\"><strong>C\/Q<\/strong><\/td><td class=\"column-4\"><strong>Profesorado\/ Professorat<\/strong><\/td><td class=\"column-5\"><strong>D\u00eda\/Dia<\/strong><\/td><td class=\"column-6\"><strong>Hora<\/strong><\/td><td class=\"column-7\"><strong>Aula<\/strong><\/td><td class=\"column-8\"><strong>Sede<\/strong><\/td>\n<\/tr>\n<tr class=\"row-3\">\n\t<td class=\"column-1\">67011065<\/td><td class=\"column-2\">Geograf\u00eda general II (Humana)\/ <br \/>\r\nGeografia general II (Humana) <br \/>\r\n<br \/>\r\n<\/td><td class=\"column-3\">2<\/td><td class=\"column-4\">J. Rossell\u00f3<\/td><td class=\"column-5\">Lunes\/Dilluns<\/td><td class=\"column-6\">16.30<\/td><td class=\"column-7\">Aula 4<\/td><td class=\"column-8\">Menorca<\/td>\n<\/tr>\n<tr class=\"row-4\">\n\t<td class=\"column-1\">67901014<\/td><td class=\"column-2\">H\u00aa del Arte de la Baja Edad Media\/ H\u00aa de l\u2019Art de la Baixa Edat Mitjana <br \/>\n(Com\u00fan Arte\/Com\u00fa Art)<br \/>\n<br \/>\n<\/td><td class=\"column-3\">2<\/td><td class=\"column-4\">J. Vega<\/td><td class=\"column-5\">Lunes\/ Dilluns <br \/>\n<\/td><td class=\"column-6\">17.30<br \/>\n<\/td><td class=\"column-7\">A. 15<\/td><td class=\"column-8\">Mallorca<\/td>\n<\/tr>\n<tr class=\"row-5\">\n\t<td class=\"column-1\">67011065<\/td><td class=\"column-2\">Geograf\u00eda general II (Humana)\/ <br \/>\nGeografia general II (Humana) <br \/>\n<br \/>\n<\/td><td class=\"column-3\">2<\/td><td class=\"column-4\">D. Ferrer<\/td><td class=\"column-5\">Lunes\/ Dilluns <br \/>\n<\/td><td class=\"column-6\">18.30<br \/>\n<\/td><td class=\"column-7\">A. 6<\/td><td class=\"column-8\">Mallorca<\/td>\n<\/tr>\n<tr class=\"row-6\">\n\t<td class=\"column-1\">67011094<\/td><td class=\"column-2\">Historia Antigua II (El mundo cl\u00e1sico)\/ <br \/>\nHist\u00f2ria Antiga II (El m\u00f3n cl\u00e0ssic) <br \/>\n<br \/>\n<\/td><td class=\"column-3\">2<\/td><td class=\"column-4\">B. Segu\u00ed<\/td><td class=\"column-5\">Martes\/Dimarts<\/td><td class=\"column-6\">17.30<\/td><td class=\"column-7\">Aula 3<\/td><td class=\"column-8\">Menorca<\/td>\n<\/tr>\n<tr class=\"row-7\">\n\t<td class=\"column-1\">67011071<\/td><td class=\"column-2\">H\u00aa de la cultura material del mundo cl\u00e1sico\/ H\u00aa de la cultura material del m\u00f3n cl\u00e0ssic <\/td><td class=\"column-3\">2<\/td><td class=\"column-4\">E. Conde <\/td><td class=\"column-5\">Mi\u00e9rcoles\/Dimecres<br \/>\n<\/td><td class=\"column-6\">17.30<\/td><td class=\"column-7\">A. 13<\/td><td class=\"column-8\">Mallorca<\/td>\n<\/tr>\n<tr class=\"row-8\">\n\t<td class=\"column-1\">67011088<\/td><td class=\"column-2\">Prehistoria II (las sociedades metal\u00fargicas)\/ Prehist\u00f2ria II (les societats metal\u00fargiques) <br \/>\n<\/td><td class=\"column-3\">2<\/td><td class=\"column-4\">L. Tudela <\/td><td class=\"column-5\">Mi\u00e9rcoles\/Dimecres<br \/>\n<br \/>\n<br \/>\n<\/td><td class=\"column-6\">18.30<br \/>\n<\/td><td class=\"column-7\">T. 1<\/td><td class=\"column-8\">Mallorca<\/td>\n<\/tr>\n<tr class=\"row-9\">\n\t<td class=\"column-1\">67011094<\/td><td class=\"column-2\">Historia Antigua II (El mundo cl\u00e1sico)\/ <br \/>\nHist\u00f2ria Antiga II (El m\u00f3n cl\u00e0ssic) <br \/>\n<br \/>\n<\/td><td class=\"column-3\">2<\/td><td class=\"column-4\">L. Tudela <\/td><td class=\"column-5\">Mi\u00e9rcoles\/Dimecres<br \/>\n<br \/>\n<br \/>\n<\/td><td class=\"column-6\">19.30<br \/>\n<\/td><td class=\"column-7\">T. 1<\/td><td class=\"column-8\">Mallorca<\/td>\n<\/tr>\n<tr class=\"row-10\">\n\t<td class=\"column-1\">67011102<\/td><td class=\"column-2\">Historia Medieval II (siglos XIII-XV)\/ <br \/>\nHist\u00f2ria Medieval II (segles XIII-XV) <br \/>\n<br \/>\n<\/td><td class=\"column-3\">2<\/td><td class=\"column-4\">L. Tudela<\/td><td class=\"column-5\">Mi\u00e9rcoles\/Dimecres<\/td><td class=\"column-6\">20.30<\/td><td class=\"column-7\">T. 1<\/td><td class=\"column-8\">Mallorca<\/td>\n<\/tr>\n<tr class=\"row-11\">\n\t<td class=\"column-1\">67011088<\/td><td class=\"column-2\">Prehistoria II (las sociedades metal\u00fargicas)\/ Prehist\u00f2ria II (les societats metal\u00fargiques) <br \/>\n<\/td><td class=\"column-3\">2<\/td><td class=\"column-4\">A. Mezquida<\/td><td class=\"column-5\">Jueves\/Dijous<\/td><td class=\"column-6\">16.30<\/td><td class=\"column-7\">A. 7<\/td><td class=\"column-8\">Ibiza\/Eivissa<\/td>\n<\/tr>\n<tr class=\"row-12\">\n\t<td class=\"column-1\">67011071<\/td><td class=\"column-2\">H\u00aa de la cultura material del mundo cl\u00e1sico\/ H\u00aa de la cultura material del m\u00f3n cl\u00e0ssic <\/td><td class=\"column-3\">2<\/td><td class=\"column-4\">A. Mezquida<\/td><td class=\"column-5\">Jueves\/Dijous<\/td><td class=\"column-6\">17.30<\/td><td class=\"column-7\">A. 7<\/td><td class=\"column-8\">Ibiza\/Eivissa<\/td>\n<\/tr>\n<\/tbody>\n<\/table>\n<!-- #tablepress-212 from cache --><br \/>\n\n<table id=\"tablepress-213\" class=\"tablepress tablepress-id-213 tbody-has-connected-cells\">\n<tbody class=\"row-striping row-hover\">\n<tr class=\"row-1\">\n\t<td class=\"column-1\"><\/td><td colspan=\"7\" class=\"column-2\"><h5>Segundo curso\/ Segon curs - Primer Cuatrimestre\/quadrimestre<\/h5><\/td>\n<\/tr>\n<tr class=\"row-2\">\n\t<td class=\"column-1\"><strong>C\u00f3digo\/Codi<\/strong><\/td><td class=\"column-2\"><strong>Asignaturas \/ Assignatures<\/strong><\/td><td class=\"column-3\"><strong>C\/Q<\/strong><\/td><td class=\"column-4\"><strong>Profesorado\/ Professorat<\/strong><\/td><td class=\"column-5\"><strong>D\u00eda\/Dia<\/strong><\/td><td class=\"column-6\"><strong>Hora<\/strong><\/td><td class=\"column-7\"><strong>Aula<\/strong><\/td><td class=\"column-8\"><strong>Sede<\/strong><\/td>\n<\/tr>\n<tr class=\"row-3\">\n\t<td class=\"column-1\">67012024<\/td><td class=\"column-2\">Historia de la Alta Edad Moderna \/ Hist\u00f2ria de l\u2019Alta Edat Moderna<br \/>\n<\/td><td class=\"column-3\">1<\/td><td class=\"column-4\">X.Rotger<\/td><td class=\"column-5\">Lunes\/Dilluns<br \/>\n<br \/>\n<\/td><td class=\"column-6\">17.30<\/td><td class=\"column-7\">A. 8<\/td><td class=\"column-8\">Mallorca<\/td>\n<\/tr>\n<tr class=\"row-4\">\n\t<td class=\"column-1\">67012030<\/td><td class=\"column-2\">Historia Contempor\u00e1nea I \/ Hist\u00f2ria Contempor\u00e0nia I<br \/>\n<br \/>\n<\/td><td class=\"column-3\">1<\/td><td class=\"column-4\">E. Pascual<\/td><td class=\"column-5\">Martes\/Dimarts<br \/>\n<\/td><td class=\"column-6\">16.30<br \/>\n<\/td><td class=\"column-7\">A. 6<\/td><td class=\"column-8\">Mallorca<\/td>\n<\/tr>\n<tr class=\"row-5\">\n\t<td class=\"column-1\">67012047<\/td><td class=\"column-2\">Historia del mundo actual (desde 1989) \/ Hist\u00f2ria del mon actual (des de 1989)<\/td><td class=\"column-3\">1<\/td><td class=\"column-4\">D. \u00c1lvarez<\/td><td class=\"column-5\">Mi\u00e9rcoles\/Dimecres<\/td><td class=\"column-6\">17.30<\/td><td class=\"column-7\">A. 7<\/td><td class=\"column-8\">Ibiza\/Eivissa<\/td>\n<\/tr>\n<tr class=\"row-6\">\n\t<td class=\"column-1\">67903013<\/td><td class=\"column-2\"> Arte y poder en la Edad Moderna (Com\u00fan Historia del Arte-Lengua y literatura espa\u00f1olas\/ Com\u00fa Hist\u00f2ria de l'Art-Llengua i literatura espanyoles)<\/td><td class=\"column-3\">1<\/td><td class=\"column-4\">A. Ortega<\/td><td class=\"column-5\">Viernes\/Divendres<br \/>\n<br \/>\n<\/td><td class=\"column-6\">17.30<\/td><td class=\"column-7\">T. 1<\/td><td class=\"column-8\">Mallorca<\/td>\n<\/tr>\n<tr class=\"row-7\">\n\t<td class=\"column-1\">67012018<\/td><td class=\"column-2\">Geograf\u00eda de los grandes espacios mundiales\/ Geografia dels grans espais mundials <\/td><td class=\"column-3\">1<\/td><td class=\"column-4\">A. Ortega<\/td><td class=\"column-5\">Viernes\/Divendres<\/td><td class=\"column-6\">18.30<br \/>\n<\/td><td class=\"column-7\">T. 4<\/td><td class=\"column-8\">Mallorca<\/td>\n<\/tr>\n<\/tbody>\n<\/table>\n<!-- #tablepress-213 from cache --><br \/>\n\n<table id=\"tablepress-215\" class=\"tablepress tablepress-id-215 tbody-has-connected-cells\">\n<tbody class=\"row-striping row-hover\">\n<tr class=\"row-1\">\n\t<td class=\"column-1\"><\/td><td colspan=\"7\" class=\"column-2\"><h5>Segundo curso\/ Segon curs - Segundo Cuatrimestre\/Segon quadrimestre <\/h5><\/td>\n<\/tr>\n<tr class=\"row-2\">\n\t<td class=\"column-1\"><strong>C\u00f3digo\/Codi<\/strong><\/td><td class=\"column-2\"><strong>Asignaturas \/ Assignatures<\/strong><\/td><td class=\"column-3\"><strong>C\/Q<\/strong><\/td><td class=\"column-4\"><strong>Profesorado\/ Professorat<\/strong><\/td><td class=\"column-5\"><strong>D\u00eda\/Dia<\/strong><\/td><td class=\"column-6\"><strong>Hora<\/strong><\/td><td class=\"column-7\"><strong>Aula<\/strong><\/td><td class=\"column-8\"><strong>Sede<\/strong><\/td>\n<\/tr>\n<tr class=\"row-3\">\n\t<td class=\"column-1\">67012076<\/td><td class=\"column-2\">Historia de Baja Edad Moderna \/ Hist\u00f2ria de la Baixa Edat Moderna<\/td><td class=\"column-3\">2<\/td><td class=\"column-4\">X.Rotger<\/td><td class=\"column-5\">Lunes\/Dilluns<br \/>\n<br \/>\n<\/td><td class=\"column-6\">17.30<\/td><td class=\"column-7\">A. 8<\/td><td class=\"column-8\">Mallorca<\/td>\n<\/tr>\n<tr class=\"row-4\">\n\t<td class=\"column-1\">67012053<\/td><td class=\"column-2\">Geograf\u00eda de Espa\u00f1a \/ Geografia d\u2019Espanya <br \/>\n<\/td><td class=\"column-3\">2<\/td><td class=\"column-4\">D.Ferrer<\/td><td class=\"column-5\">Lunes\/Dilluns<br \/>\n<\/td><td class=\"column-6\">19.30<\/td><td class=\"column-7\">A. 6<\/td><td class=\"column-8\">Mallorca<\/td>\n<\/tr>\n<tr class=\"row-5\">\n\t<td class=\"column-1\">67012082<\/td><td class=\"column-2\">Historia Contempor\u00e1nea II \/ Hist\u00f2ria Contempor\u00e0nia II<\/td><td class=\"column-3\">2<\/td><td class=\"column-4\">E. Pascual<\/td><td class=\"column-5\">Martes\/Dimarts<\/td><td class=\"column-6\">16.30<\/td><td class=\"column-7\">A. 6<\/td><td class=\"column-8\">Mallorca<\/td>\n<\/tr>\n<tr class=\"row-6\">\n\t<td class=\"column-1\">67012099<\/td><td class=\"column-2\">Historia de la integraci\u00f3n Europea \/ Hist\u00f2ria de la integraci\u00f3 Europea<\/td><td class=\"column-3\">2<\/td><td class=\"column-4\">AJ. Felani<\/td><td class=\"column-5\">Mi\u00e9rcoles\/Dimecres<\/td><td class=\"column-6\">17.30<\/td><td class=\"column-7\">T. 6<\/td><td class=\"column-8\">Mallorca<\/td>\n<\/tr>\n<tr class=\"row-7\">\n\t<td class=\"column-1\">67904018<\/td><td class=\"column-2\">Los discursos del Arte Contempor\u00e1neo \/ Els discursos de l\u2019Art Contemporani<br \/>\n<\/td><td class=\"column-3\">2<\/td><td class=\"column-4\">A.Garc\u00eda<\/td><td class=\"column-5\">Mi\u00e9rcoles\/Dimecres<br \/>\n<br \/>\n<br \/>\n<\/td><td class=\"column-6\">19.30<br \/>\n<\/td><td class=\"column-7\">T. 6<\/td><td class=\"column-8\">Mallorca<\/td>\n<\/tr>\n<tr class=\"row-8\">\n\t<td class=\"column-1\">6701206-<\/td><td class=\"column-2\">Historia de la Filosof\u00eda Moderna y Contempor\u00e1nea\/ Hist\u00f2ria de la Filosofia Moderna i Contempor\u00e0nia<br \/>\n<\/td><td class=\"column-3\">2<\/td><td class=\"column-4\">A. Ortega<\/td><td class=\"column-5\">Viernes\/Divendres<br \/>\n<br \/>\n<\/td><td class=\"column-6\">17.30<br \/>\n<\/td><td class=\"column-7\">T. 1<\/td><td class=\"column-8\">Mallorca<\/td>\n<\/tr>\n<\/tbody>\n<\/table>\n<!-- #tablepress-215 from cache --><br \/>\n\n<table id=\"tablepress-214\" class=\"tablepress tablepress-id-214 tbody-has-connected-cells\">\n<tbody class=\"row-striping row-hover\">\n<tr class=\"row-1\">\n\t<td class=\"column-1\"><\/td><td colspan=\"7\" class=\"column-2\"><h5>Tercer curso\/Tercer curs -  Primer Cuatrimestre\/quadrimestre <\/h5><\/td>\n<\/tr>\n<tr class=\"row-2\">\n\t<td class=\"column-1\"><strong>C\u00f3digo\/Codi<\/strong><\/td><td class=\"column-2\"><strong>Asignaturas \/ Assignatures<\/strong><\/td><td class=\"column-3\"><strong>C\/Q<\/strong><\/td><td class=\"column-4\"><strong>Profesorado\/ Professorat<\/strong><\/td><td class=\"column-5\"><strong>D\u00eda\/Dia<\/strong><\/td><td class=\"column-6\"><strong>Hora<\/strong><\/td><td class=\"column-7\"><strong>Aula<\/strong><\/td><td class=\"column-8\"><strong>Sede<\/strong><\/td>\n<\/tr>\n<tr class=\"row-3\">\n\t<td class=\"column-1\">67013041<\/td><td class=\"column-2\">Historia moderna de Espa\u00f1a I (1469-1665) \/ <br \/>\nHist\u00f2ria moderna d\u2019Espanya I (1469-1665)<\/td><td class=\"column-3\">1<\/td><td class=\"column-4\">E. Pascual<\/td><td class=\"column-5\">Martes\/Dimarts<\/td><td class=\"column-6\">17.30<\/td><td class=\"column-7\">A. 6<\/td><td class=\"column-8\">Mallorca<\/td>\n<\/tr>\n<tr class=\"row-4\">\n\t<td class=\"column-1\">67013058<\/td><td class=\"column-2\">Historia contempor\u00e1nea de Espa\u00f1a I \/ <br \/>\nHist\u00f2ria contempor\u00e0nia d\u2019Espanya I<\/td><td class=\"column-3\">1<\/td><td class=\"column-4\">E. Pascual<\/td><td class=\"column-5\">Martes\/Dimarts<\/td><td class=\"column-6\">18.30<\/td><td class=\"column-7\">A. 6<\/td><td class=\"column-8\">Mallorca<\/td>\n<\/tr>\n<tr class=\"row-5\">\n\t<td class=\"column-1\">67013012<\/td><td class=\"column-2\">Prehistoria antigua de la Pen\u00ednsula Ib\u00e9rica\/ <br \/>\nPrehist\u00f2ria antiga de la Pen\u00ednsula Ib\u00e8rica<\/td><td class=\"column-3\">1<\/td><td class=\"column-4\">A. Mezquida<\/td><td class=\"column-5\">Jueves\/Dijous<\/td><td class=\"column-6\">17.30<\/td><td class=\"column-7\">A. 7<br \/>\n<\/td><td class=\"column-8\">Ibiza\/Eivissa<\/td>\n<\/tr>\n<tr class=\"row-6\">\n\t<td class=\"column-1\">67013147<\/td><td class=\"column-2\">Historia de la cultura material de \u00e9poca cl\u00e1sica en pen\u00ednsula\/Hist\u00f2ria de la cultura material d'\u00e8poca cl\u00e0ssica a pen\u00ednsula<\/td><td class=\"column-3\">1<\/td><td class=\"column-4\">A. Mezquida<\/td><td class=\"column-5\">Jueves\/Dijous<\/td><td class=\"column-6\">18.30<\/td><td class=\"column-7\">A. 7<\/td><td class=\"column-8\">Ibiza\/Eivissa<\/td>\n<\/tr>\n<tr class=\"row-7\">\n\t<td class=\"column-1\">67013029<\/td><td class=\"column-2\">Historia Antigua Pen\u00ednsula Ib\u00e9rica I\/ Hist\u00f2ria Antiga Pen\u00ednsula Ib\u00e8rica I<\/td><td class=\"column-3\">1<\/td><td class=\"column-4\">B. Mart\u00ednez<\/td><td class=\"column-5\">Jueves\/Dijous<\/td><td class=\"column-6\">19.30<\/td><td class=\"column-7\">A. 1-2<\/td><td class=\"column-8\">Mallorca<\/td>\n<\/tr>\n<tr class=\"row-8\">\n\t<td class=\"column-1\">67013035<\/td><td class=\"column-2\">Historia medieval de Espa\u00f1a I (siglos VIII \u2013 XIII)\/ <br \/>\nHist\u00f2ria medieval d\u2019Espanya (segles VIII-XIII)<\/td><td class=\"column-3\">1<\/td><td class=\"column-4\">J.M. Gonz\u00e1lez<\/td><td class=\"column-5\">Viernes\/Divendres<\/td><td class=\"column-6\">18.30<\/td><td class=\"column-7\">T. 5<\/td><td class=\"column-8\">Mallorca<\/td>\n<\/tr>\n<tr class=\"row-9\">\n\t<td class=\"column-1\">67013058<\/td><td class=\"column-2\">Historia de la cultura material desde la antig\u00fcedad tard\u00eda a la \u00e9poca industrial \/<br \/>\n Hist\u00f2ria de la cultura material des de l\u2019antiguitat tardana al\u2019\u00e8poca industrial<\/td><td class=\"column-3\">1<\/td><td class=\"column-4\"><\/td><td class=\"column-5\"><\/td><td class=\"column-6\"><\/td><td class=\"column-7\"><\/td><td class=\"column-8\"><\/td>\n<\/tr>\n<\/tbody>\n<\/table>\n<!-- #tablepress-214 from cache --><br \/>\n\n<table id=\"tablepress-216\" class=\"tablepress tablepress-id-216 tbody-has-connected-cells\">\n<tbody class=\"row-striping row-hover\">\n<tr class=\"row-1\">\n\t<td class=\"column-1\"><\/td><td colspan=\"7\" class=\"column-2\"><h5>Tercer curso\/Tercer  curs -  Segundo Cuatrimestre\/Segon quadrimestre<\/h5><\/td>\n<\/tr>\n<tr class=\"row-2\">\n\t<td class=\"column-1\"><strong>C\u00f3digo\/Codi<\/strong><\/td><td class=\"column-2\"><strong>Asignaturas \/ Assignatures<\/strong><\/td><td class=\"column-3\"><strong>C\/Q<\/strong><\/td><td class=\"column-4\"><strong>Profesorado\/ Professorat<\/strong><\/td><td class=\"column-5\"><strong>D\u00eda\/Dia<\/strong><\/td><td class=\"column-6\"><strong>Hora<\/strong><\/td><td class=\"column-7\"><strong>Aula<\/strong><\/td><td class=\"column-8\"><strong>Sede<\/strong><\/td>\n<\/tr>\n<tr class=\"row-3\">\n\t<td class=\"column-1\">67013101<\/td><td class=\"column-2\">Historia moderna de Espa\u00f1a II (1665-1808) \/ Hist\u00f2ria moderna d\u2019Espanya II (1665-1808)<\/td><td class=\"column-3\">2<\/td><td class=\"column-4\">E.Pascual<\/td><td class=\"column-5\">Martes\/Dimarts<br \/>\n<br \/>\n<\/td><td class=\"column-6\">17.30<\/td><td class=\"column-7\">A. 6<\/td><td class=\"column-8\">Mallorca<\/td>\n<\/tr>\n<tr class=\"row-4\">\n\t<td class=\"column-1\">67013118<\/td><td class=\"column-2\">Historia contempor\u00e1nea de Espa\u00f1a II (desde 1923) \/ Hist\u00f2ria contempor\u00e0nia d\u2019Espanya II (des de 1923)<\/td><td class=\"column-3\">2<\/td><td class=\"column-4\">E. Pascual<\/td><td class=\"column-5\">Martes\/Dimarts<br \/>\n<\/td><td class=\"column-6\">18.30<\/td><td class=\"column-7\">A. 6<\/td><td class=\"column-8\">Mallorca<\/td>\n<\/tr>\n<tr class=\"row-5\">\n\t<td class=\"column-1\">67013070<\/td><td class=\"column-2\">Prehistoria reciente de la Pen\u00ednsula Ib\u00e9rica \/ Prehist\u00f2ria recent de la Pen\u00ednsula Ib\u00e9rica<br \/>\n<\/td><td class=\"column-3\">2<\/td><td class=\"column-4\">A.Mezquida<\/td><td class=\"column-5\">Jueves\/Dijous<br \/>\n<br \/>\n<\/td><td class=\"column-6\">18.30<\/td><td class=\"column-7\">A. 7<\/td><td class=\"column-8\">Ibiza\/Eivissa<\/td>\n<\/tr>\n<tr class=\"row-6\">\n\t<td class=\"column-1\">67013087<\/td><td class=\"column-2\">Historia antigua de la Pen\u00ednsula Ib\u00e9rica II\/ Hist\u00f2ria antita de la Pen\u00ednsula Ib\u00e9rica II<\/td><td class=\"column-3\">2<\/td><td class=\"column-4\">B. Mart\u00ednez<br \/>\n<\/td><td class=\"column-5\">Jueves\/Dijous<\/td><td class=\"column-6\">19.30<\/td><td class=\"column-7\">A. 6<\/td><td class=\"column-8\">Mallorca<\/td>\n<\/tr>\n<tr class=\"row-7\">\n\t<td class=\"column-1\">67013124<\/td><td class=\"column-2\">Paleograf\u00eda y Diplom\u00e1tica\/Paleografia i Diplom\u00e0tica I<\/td><td class=\"column-3\">2<\/td><td class=\"column-4\">A. Ortega<\/td><td class=\"column-5\">Viernes\/Divendres<\/td><td class=\"column-6\">16.30<\/td><td class=\"column-7\">T. 1<\/td><td class=\"column-8\">Mallorca<\/td>\n<\/tr>\n<tr class=\"row-8\">\n\t<td class=\"column-1\">67013093<\/td><td class=\"column-2\">Historia medieval de Espa\u00f1a II (siglos XIV-XV) \/ Hist\u00f2ria medieval d\u2019Espanya II (segles XIV-XV)<br \/>\n<\/td><td class=\"column-3\">2<\/td><td class=\"column-4\">J.M. Gonz\u00e1lez<\/td><td class=\"column-5\">Viernes\/Divendres<\/td><td class=\"column-6\">17.30<\/td><td class=\"column-7\">T. 7<\/td><td class=\"column-8\">Mallorca<\/td>\n<\/tr>\n<\/tbody>\n<\/table>\n<!-- #tablepress-216 from cache --><br \/>\n\n<table id=\"tablepress-217\" class=\"tablepress tablepress-id-217 tbody-has-connected-cells\">\n<tbody class=\"row-striping row-hover\">\n<tr class=\"row-1\">\n\t<td class=\"column-1\"><\/td><td colspan=\"7\" class=\"column-2\"><h5>Cuarto curso\/ Quart  curs - Anual<\/h5><\/td>\n<\/tr>\n<tr class=\"row-2\">\n\t<td class=\"column-1\"><strong>C\u00f3digo\/Codi<\/strong><\/td><td class=\"column-2\"><strong>Asignaturas \/ Assignatures<\/strong><\/td><td class=\"column-3\"><strong>C\/Q<\/strong><\/td><td class=\"column-4\"><strong>Profesorado\/ Professorat<\/strong><\/td><td class=\"column-5\"><strong>D\u00eda\/Dia<\/strong><\/td><td class=\"column-6\"><strong>Hora<\/strong><\/td><td class=\"column-7\"><strong>Aula<\/strong><\/td><td class=\"column-8\"><strong>Sede<\/strong><\/td>\n<\/tr>\n<tr class=\"row-3\">\n\t<td class=\"column-1\">69011017<\/td><td class=\"column-2\">Introducci\u00f3n a la Sociolog\u00eda \/Introducci\u00f3 a la Sociologia <\/td><td class=\"column-3\">1<\/td><td class=\"column-4\">A. Gornals<\/td><td class=\"column-5\">Jueves\/Dijous<\/td><td class=\"column-6\">17:30<\/td><td class=\"column-7\">T. 5<\/td><td class=\"column-8\">Mallorca<\/td>\n<\/tr>\n<tr class=\"row-4\">\n\t<td class=\"column-1\">64011053<\/td><td class=\"column-2\">Lengua moderna I: Ingl\u00e9s<\/td><td class=\"column-3\">1<\/td><td class=\"column-4\">A. Tobar\u00edas<\/td><td class=\"column-5\">Viernes\/Divendres<\/td><td class=\"column-6\">16:30<\/td><td class=\"column-7\">Ibiza<\/td><td class=\"column-8\">Ibiza<\/td>\n<\/tr>\n<tr class=\"row-5\">\n\t<td class=\"column-1\">67014017<br \/>\n67014276<br \/>\n67014282<\/td><td class=\"column-2\">Trabajo de Fin de Grado \/ Treball de fi de Grau<\/td><td class=\"column-3\">Anual<\/td><td class=\"column-4\">INTERCAMPUS<\/td><td class=\"column-5\"><\/td><td class=\"column-6\">El estudiante se ha de poner en contacto con el E.D. en el Foro de Tutor\u00eda en la Plataforma Alf a principios de curso. L'estudiant s'ha de posar en contacte amb l'ED al forum de tutoria a la plataforma Alf a principi de curs.<\/td><td class=\"column-7\"><\/td><td class=\"column-8\"><\/td>\n<\/tr>\n<tr class=\"row-6\">\n\t<td class=\"column-1\"><\/td><td class=\"column-2\">Optativas \/ Optatives<\/td><td class=\"column-3\">Anual<\/td><td class=\"column-4\">INTERCAMPUS<\/td><td class=\"column-5\"><\/td><td class=\"column-6\"><\/td><td class=\"column-7\"><\/td><td class=\"column-8\"><\/td>\n<\/tr>\n<\/tbody>\n<\/table>\n<!-- #tablepress-217 from cache --><\/p>\n<p>&nbsp;<\/p>\n","protected":false},"excerpt":{"rendered":"<p>RECURSOS Compra de material en\u00a0Librer\u00eda virtual Listado de asignaturas Grabaciones (Primer cuatrimestre) Grabaciones (Segundo cuatrimestre) HORARIOS \/ HORARIS (2025\/2026) &nbsp;<\/p>\n","protected":false},"author":1,"featured_media":0,"parent":1272,"menu_order":0,"comment_status":"closed","ping_status":"closed","template":"","meta":{"_acf_changed":false,"footnotes":""},"acf":[],"_links":{"self":[{"href":"https:\/\/uned-illesbalears.net\/ca\/wp-json\/wp\/v2\/pages\/1360"}],"collection":[{"href":"https:\/\/uned-illesbalears.net\/ca\/wp-json\/wp\/v2\/pages"}],"about":[{"href":"https:\/\/uned-illesbalears.net\/ca\/wp-json\/wp\/v2\/types\/page"}],"author":[{"embeddable":true,"href":"https:\/\/uned-illesbalears.net\/ca\/wp-json\/wp\/v2\/users\/1"}],"replies":[{"embeddable":true,"href":"https:\/\/uned-illesbalears.net\/ca\/wp-json\/wp\/v2\/comments?post=1360"}],"version-history":[{"count":14,"href":"https:\/\/uned-illesbalears.net\/ca\/wp-json\/wp\/v2\/pages\/1360\/revisions"}],"predecessor-version":[{"id":277984,"href":"https:\/\/uned-illesbalears.net\/ca\/wp-json\/wp\/v2\/pages\/1360\/revisions\/277984"}],"up":[{"embeddable":true,"href":"https:\/\/uned-illesbalears.net\/ca\/wp-json\/wp\/v2\/pages\/1272"}],"wp:attachment":[{"href":"https:\/\/uned-illesbalears.net\/ca\/wp-json\/wp\/v2\/media?parent=1360"}],"curies":[{"name":"wp","href":"https:\/\/api.w.org\/{rel}","templated":true}]}}