{"id":1335,"date":"2013-08-26T20:36:58","date_gmt":"2013-08-26T20:36:58","guid":{"rendered":"https:\/\/uned-illesbalears.net\/recursos-para-estudiantes\/classes-de-tutoria\/classes-tutoria-a-mallorca\/ciencias-juridicas-de-las-administraciones-publicas\/"},"modified":"2025-07-26T21:49:58","modified_gmt":"2025-07-26T19:49:58","slug":"ciencias-juridicas-de-las-administraciones-publicas","status":"publish","type":"page","link":"https:\/\/uned-illesbalears.net\/ca\/recursos-para-estudiantes\/classes-de-tutoria\/clases-tutorias-en-mallorca\/ciencias-juridicas-de-las-administraciones-publicas\/","title":{"rendered":"Grado en Ciencias Jur\u00eddicas de las Administraciones P\u00fablicas\/Grau en Ci\u00e8ncies Jur\u00eddiques de les Administracions P\u00fabliques"},"content":{"rendered":"<h4>RECURSOS<\/h4>\n<ul>\n<li>Compra de material en\u00a0<span style=\"color: #008000;\"><strong><a style=\"color: #008000;\" href=\"http:\/\/libreria.uned-illesbalears.net\/producto-categoria\/6601-grado-en-cc-juridicas-de-las-administraciones-publicas\/\">Librer\u00eda virtual<\/a><\/strong><\/span><\/li>\n<li><span style=\"color: #008000;\"><strong><a style=\"color: #008000;\" href=\"https:\/\/www.uned.es\/universidad\/inicio\/estudios\/grados\/grado-en-cc-juridicas-de-las-administraciones-publicas.html?idContenido=5\">Listado de asignaturas <\/a><\/strong><\/span><\/li>\n<li><a href=\"https:\/\/uned-illesbalears.net\/recursos-para-estudiantes\/clases-tutorias\/grabaciones-clases-tutorias-curso-2024-2025\/grado-en-ciencias-juridicas-de-las-administraciones-publicas\/primer-semestre\/\"><span style=\"color: #008000;\"><strong>Grabaciones (Primer cuatrimestre)<\/strong><\/span><\/a><\/li>\n<li><a href=\"https:\/\/uned-illesbalears.net\/recursos-para-estudiantes\/clases-tutorias\/grabaciones-clases-tutorias-curso-2024-2025\/grado-en-ciencias-juridicas-de-las-administraciones-publicas\/segundo-semestre\/\"><strong><span style=\"color: #008000;\">Grabaciones (Segundo cuatrimestre)<\/span><\/strong><\/a><\/li>\n<\/ul>\n<h4>HORARIOS \/ HORARIS\u00a0 (2025\/2026) <span style=\"color: #ff0000;\"><strong>\u00a0<\/strong><\/span><\/h4>\n<p>\n<table id=\"tablepress-161\" class=\"tablepress tablepress-id-161 tbody-has-connected-cells\">\n<tbody class=\"row-striping row-hover\">\n<tr class=\"row-1\">\n\t<td class=\"column-1\">Consultar horarios en AkademosWeb<\/td><td class=\"column-2\"><\/td><td class=\"column-3\"><\/td><td class=\"column-4\"><\/td><td class=\"column-5\"><\/td><td class=\"column-6\"><\/td><td class=\"column-7\"><\/td><td class=\"column-8\"><\/td>\n<\/tr>\n<tr class=\"row-2\">\n\t<td class=\"column-1\"><a href=\"https:\/\/akademosweb.uned.es\/Default.aspx\">AkademosWeb<\/a><\/td><td class=\"column-2\"><\/td><td class=\"column-3\"><\/td><td class=\"column-4\"><\/td><td class=\"column-5\"><\/td><td class=\"column-6\"><\/td><td class=\"column-7\"><\/td><td class=\"column-8\"><\/td>\n<\/tr>\n<tr class=\"row-3\">\n\t<td class=\"column-1\"><\/td><td colspan=\"7\" class=\"column-2\"><h5>Primer curso\/curs - Primer cuatrimestre\/quadrimestre<\/h5><\/td>\n<\/tr>\n<tr class=\"row-4\">\n\t<td class=\"column-1\"><strong>C\u00f3digo\/Codi<\/strong><\/td><td class=\"column-2\"><strong>Asignaturas \/ Assignatures<\/strong><\/td><td class=\"column-3\"><strong>C\/Q<\/strong><\/td><td class=\"column-4\"><strong>Profesorado\/ Professorat<\/strong><\/td><td class=\"column-5\"><strong>D\u00eda\/Dia<\/strong><\/td><td class=\"column-6\"><strong>Hora<\/strong><\/td><td class=\"column-7\"><strong>Aula<\/strong><\/td><td class=\"column-8\"><strong>Sede<\/strong><\/td>\n<\/tr>\n<tr class=\"row-5\">\n\t<td class=\"column-1\">66011034<\/td><td class=\"column-2\">Econom\u00eda Pol\u00edtica I \/ Economia Pol\u00edtica I <\/td><td class=\"column-3\">1<\/td><td class=\"column-4\">R. Antequera<\/td><td class=\"column-5\">Martes\/Dimarts<\/td><td class=\"column-6\">16.30<\/td><td class=\"column-7\">A. 10<\/td><td class=\"column-8\">Mallorca<\/td>\n<\/tr>\n<tr class=\"row-6\">\n\t<td class=\"column-1\">66901012<\/td><td class=\"column-2\">Fundamentos cl\u00e1sicos de la democracia y de la administraci\u00f3n \/ Fonaments cl\u00e0ssics de la democr\u00e0cia i de l\u2019administraci\u00f3 (Com\u00fan Derecho\/Com\u00fa Dret)<\/td><td class=\"column-3\">1<\/td><td class=\"column-4\">B. Barrag\u00e1n<\/td><td class=\"column-5\">Mi\u00e9rcoles\/Dimecres<\/td><td class=\"column-6\">18.30<\/td><td class=\"column-7\">A. 1-2<\/td><td class=\"column-8\">Mallorca<\/td>\n<\/tr>\n<tr class=\"row-7\">\n\t<td class=\"column-1\">6601107-<\/td><td class=\"column-2\">\u00c9tica y deontolog\u00eda p\u00fablicas \/ \u00c8tica i deontologia p\u00fabliques<\/td><td class=\"column-3\">1<\/td><td class=\"column-4\">M\u00aaA. Bernal<\/td><td class=\"column-5\">Viernes\/Divendres<\/td><td class=\"column-6\">16.30<\/td><td class=\"column-7\">A. 6<\/td><td class=\"column-8\">Mallorca<\/td>\n<\/tr>\n<tr class=\"row-8\">\n\t<td class=\"column-1\">66011011<\/td><td class=\"column-2\">Fundamentos de derecho administrativo \/<br \/>\nFonaments de drets administratius<\/td><td class=\"column-3\">1<\/td><td class=\"column-4\">A. Cutini<\/td><td class=\"column-5\">Jueves\/Dijous<\/td><td class=\"column-6\">20.30<\/td><td class=\"column-7\">T. 9<\/td><td class=\"column-8\">Mallorca<\/td>\n<\/tr>\n<tr class=\"row-9\">\n\t<td class=\"column-1\">66012016<\/td><td class=\"column-2\">Introducci\u00f3n a la C. Pol\u00edtica I \/ Introducci\u00f3 a la C. Pol\u00edtica I<\/td><td class=\"column-3\">1<\/td><td class=\"column-4\">INTERCAMPUS<\/td><td class=\"column-5\"><\/td><td class=\"column-6\"><\/td><td class=\"column-7\"><\/td><td class=\"column-8\"><\/td>\n<\/tr>\n<\/tbody>\n<\/table>\n<!-- #tablepress-161 from cache --><br \/>\n\n<table id=\"tablepress-162\" class=\"tablepress tablepress-id-162 tbody-has-connected-cells\">\n<tbody class=\"row-striping row-hover\">\n<tr class=\"row-1\">\n\t<td class=\"column-1\"><\/td><td colspan=\"7\" class=\"column-2\"><h5>Primer curso\/curs - Segundo cuatrimestre\/Segon quadrimestre<\/h5><\/td>\n<\/tr>\n<tr class=\"row-2\">\n\t<td class=\"column-1\"><strong>C\u00f3digo\/Codi<\/strong><\/td><td class=\"column-2\"><strong>Asignaturas \/ Assignatures<\/strong><\/td><td class=\"column-3\"><strong>C\/Q<\/strong><\/td><td class=\"column-4\"><strong>Profesorado\/ Professorat<\/strong><\/td><td class=\"column-5\"><strong>D\u00eda\/Dia<\/strong><\/td><td class=\"column-6\"><strong>Hora<\/strong><\/td><td class=\"column-7\"><strong>Aula<\/strong><\/td><td class=\"column-8\"><strong>Sede<\/strong><\/td>\n<\/tr>\n<tr class=\"row-3\">\n\t<td class=\"column-1\">66901029<\/td><td class=\"column-2\">Derecho administrativo I \/ Dret administratiu I (Com\u00fan Derecho\/Com\u00fa Dret)<\/td><td class=\"column-3\">2<\/td><td class=\"column-4\">M. Hurtado<\/td><td class=\"column-5\">Martes\/Dimarts<\/td><td class=\"column-6\">18.30<\/td><td class=\"column-7\">T. 1<\/td><td class=\"column-8\">Mallorca<\/td>\n<\/tr>\n<tr class=\"row-4\">\n\t<td class=\"column-1\">6501211-<\/td><td class=\"column-2\">Introducci\u00f3n al Derecho \/ Introducci\u00f3 al Dret<br \/>\n(Econom\u00eda\/CCJAAPP)<\/td><td class=\"column-3\">2<\/td><td class=\"column-4\">C. Mar\u00ed<\/td><td class=\"column-5\">Martes\/Dimarts<\/td><td class=\"column-6\">19.30<\/td><td class=\"column-7\">A. 7<\/td><td class=\"column-8\">Ibiza\/Eivissa<\/td>\n<\/tr>\n<tr class=\"row-5\">\n\t<td class=\"column-1\">66012068<\/td><td class=\"column-2\">Intr. C. Pol\u00edtica II<\/td><td class=\"column-3\">2<\/td><td class=\"column-4\">A. Canyelles<\/td><td class=\"column-5\">Mi\u00e9rcoles\/Dimecres<\/td><td class=\"column-6\">16:30<\/td><td class=\"column-7\">Aula 3<\/td><td class=\"column-8\">Menorca<\/td>\n<\/tr>\n<tr class=\"row-6\">\n\t<td class=\"column-1\">66011040<\/td><td class=\"column-2\">Historia de la administraci\u00f3n en Espa\u00f1a \/ Hist\u00f2ria de l\u2019administraci\u00f3 a Espanya<\/td><td class=\"column-3\">2<\/td><td class=\"column-4\">M\u00aaA. Bernal<\/td><td class=\"column-5\">Jueves\/Dijous<br \/>\n<\/td><td class=\"column-6\">16.30<\/td><td class=\"column-7\">T. 3<\/td><td class=\"column-8\">Mallorca<\/td>\n<\/tr>\n<tr class=\"row-7\">\n\t<td class=\"column-1\">66011063<\/td><td class=\"column-2\">Econom\u00eda Pol\u00edtica II \/ Economia Pol\u00edtica II (Com\u00fan Trabajo social\/Com\u00fa Treball Social)<\/td><td class=\"column-3\">2<\/td><td class=\"column-4\">J. Pol<\/td><td class=\"column-5\">Jueves\/Dijous<\/td><td class=\"column-6\">18.30<\/td><td class=\"column-7\">T. 9<\/td><td class=\"column-8\">Mallorca<\/td>\n<\/tr>\n<\/tbody>\n<\/table>\n<!-- #tablepress-162 from cache --><br \/>\n\n<table id=\"tablepress-163\" class=\"tablepress tablepress-id-163 tbody-has-connected-cells\">\n<tbody class=\"row-striping row-hover\">\n<tr class=\"row-1\">\n\t<td class=\"column-1\"><\/td><td colspan=\"7\" class=\"column-2\"><h5>Segundo curso\/Segon curs - Primer cuatrimestre\/quadrimestre<\/h5><\/td>\n<\/tr>\n<tr class=\"row-2\">\n\t<td class=\"column-1\"><strong>C\u00f3digo\/Codi<\/strong><\/td><td class=\"column-2\"><strong>Asignaturas \/ Assignatures<\/strong><\/td><td class=\"column-3\"><strong>C\/Q<\/strong><\/td><td class=\"column-4\"><strong>Profesorado\/ Professorat<\/strong><\/td><td class=\"column-5\"><strong>D\u00eda\/Dia<\/strong><\/td><td class=\"column-6\"><strong>Hora<\/strong><\/td><td class=\"column-7\"><strong>Aula<\/strong><\/td><td class=\"column-8\"><strong>Sede<\/strong><\/td>\n<\/tr>\n<tr class=\"row-3\">\n\t<td class=\"column-1\">66011028<\/td><td class=\"column-2\">Derecho Constitucional I \/ Dret Constitucional I<\/td><td class=\"column-3\">1<\/td><td class=\"column-4\">J. Oliver<\/td><td class=\"column-5\">Martes\/Dimarts<\/td><td class=\"column-6\">17.30<\/td><td class=\"column-7\">A. 13<\/td><td class=\"column-8\">Mallorca<\/td>\n<\/tr>\n<tr class=\"row-4\">\n\t<td class=\"column-1\">66013010<\/td><td class=\"column-2\">Intr. al Derecho Financiero y Tributario \/ Intr. al Dret Financer i Tribut\u00e0ri (Com\u00fan DFT I Derecho)<\/td><td class=\"column-3\">1<\/td><td class=\"column-4\">J.C. Carazo<\/td><td class=\"column-5\">Jueves\/Dijous<\/td><td class=\"column-6\">17.30<\/td><td class=\"column-7\">T. 8<\/td><td class=\"column-8\">Mallorca<\/td>\n<\/tr>\n<tr class=\"row-5\">\n\t<td class=\"column-1\">66012039<\/td><td class=\"column-2\">Introducci\u00f3n al Derecho Procesal \/ Introducci\u00f3 al Dret Procesal<\/td><td class=\"column-3\">1<\/td><td class=\"column-4\">V. Ferrandis<\/td><td class=\"column-5\">Jueves\/Dijous<br \/>\n<\/td><td class=\"column-6\">17.30<\/td><td class=\"column-7\">A. 1-2<\/td><td class=\"column-8\">Mallorca<\/td>\n<\/tr>\n<tr class=\"row-6\">\n\t<td class=\"column-1\">66023020<\/td><td class=\"column-2\">Instituciones de la Uni\u00f3n Europea \/ Institucions de la Uni\u00f3 Europea (Com\u00fan Derecho\/ Com\u00fa Dret)<\/td><td class=\"column-3\">1<\/td><td class=\"column-4\">P. Rup\u00e9rez<\/td><td class=\"column-5\">Jueves\/Dijous<br \/>\n<\/td><td class=\"column-6\">18.30<\/td><td class=\"column-7\">T. 3<\/td><td class=\"column-8\">Mallorca<\/td>\n<\/tr>\n<tr class=\"row-7\">\n\t<td class=\"column-1\">66902017<\/td><td class=\"column-2\">Derecho Administrativo II \/ Dret Administratiu II (Com\u00fan Derecho \/ Com\u00fa Dret)<\/td><td class=\"column-3\">1<\/td><td class=\"column-4\">M. Hurtado<\/td><td class=\"column-5\">Viernes\/Divendres<\/td><td class=\"column-6\">16.30<\/td><td class=\"column-7\">T. 4<\/td><td class=\"column-8\">Mallorca<\/td>\n<\/tr>\n<\/tbody>\n<\/table>\n<!-- #tablepress-163 from cache --><br \/>\n\n<table id=\"tablepress-164\" class=\"tablepress tablepress-id-164 tbody-has-connected-cells\">\n<tbody class=\"row-striping row-hover\">\n<tr class=\"row-1\">\n\t<td class=\"column-1\"><\/td><td colspan=\"7\" class=\"column-2\"><h5>Segundo curso\/Segon curs - Segundo Cuatrimestre\/Segon quadrimestre<\/h5><\/td>\n<\/tr>\n<tr class=\"row-2\">\n\t<td class=\"column-1\"><strong>C\u00f3digo\/Codi<\/strong><\/td><td class=\"column-2\"><strong>Asignaturas \/ Assignatures<\/strong><\/td><td class=\"column-3\"><strong>C\/Q<\/strong><\/td><td class=\"column-4\"><strong>Profesorado\/ Professorat<\/strong><\/td><td class=\"column-5\"><strong>D\u00eda\/Dia<\/strong><\/td><td class=\"column-6\"><strong>Hora<\/strong><\/td><td class=\"column-7\"><strong>Aula<\/strong><\/td><td class=\"column-8\"><strong>Sede<\/strong><\/td>\n<\/tr>\n<tr class=\"row-3\">\n\t<td class=\"column-1\">66012080<\/td><td class=\"column-2\">Econom\u00eda del Sector P\u00fablico \/ Economia del Sector P\u00fablic (Com\u00fan Derecho\/Com\u00fa Dret)<\/td><td class=\"column-3\">2<\/td><td class=\"column-4\">E. Hinojosa<\/td><td class=\"column-5\">Martes\/Dimarts<\/td><td class=\"column-6\">17.30<\/td><td class=\"column-7\">T. 5<\/td><td class=\"column-8\">Mallorca<\/td>\n<\/tr>\n<tr class=\"row-4\">\n\t<td class=\"column-1\">66012051<\/td><td class=\"column-2\">Derecho constitucional II \/ Dret constitucional II<\/td><td class=\"column-3\">2<\/td><td class=\"column-4\">V. Vaquero<\/td><td class=\"column-5\">Mi\u00e9rcoles\/Dimecres<\/td><td class=\"column-6\">17.30<\/td><td class=\"column-7\">A. 5<\/td><td class=\"column-8\">Menorca<\/td>\n<\/tr>\n<tr class=\"row-5\">\n\t<td class=\"column-1\">66012045<\/td><td class=\"column-2\">Derecho Local \/ Dret Local<\/td><td class=\"column-3\">2<\/td><td class=\"column-4\"><\/td><td class=\"column-5\"><\/td><td class=\"column-6\"><\/td><td class=\"column-7\"><\/td><td class=\"column-8\">Mallorca<\/td>\n<\/tr>\n<tr class=\"row-6\">\n\t<td class=\"column-1\">66902023<\/td><td class=\"column-2\">Derecho Administrativo III \/ Dret Administratiu  III (Com\u00fan Derecho\/Com\u00fa Dret)<\/td><td class=\"column-3\">2<\/td><td class=\"column-4\"><\/td><td class=\"column-5\"><\/td><td class=\"column-6\"><\/td><td class=\"column-7\"><\/td><td class=\"column-8\">Mallorca<\/td>\n<\/tr>\n<tr class=\"row-7\">\n\t<td class=\"column-1\">66012074<\/td><td class=\"column-2\">Derecho de las Organizaciones Internacionales \/ Dret de les Organitzacions Internacionals<\/td><td class=\"column-3\">2<\/td><td class=\"column-4\">J. Pol<\/td><td class=\"column-5\">Jueves\/Dijous<\/td><td class=\"column-6\">19.30<\/td><td class=\"column-7\">T. 9<\/td><td class=\"column-8\">Mallorca<\/td>\n<\/tr>\n<\/tbody>\n<\/table>\n<!-- #tablepress-164 from cache --><br \/>\n\n<table id=\"tablepress-166\" class=\"tablepress tablepress-id-166 tbody-has-connected-cells\">\n<tbody class=\"row-striping row-hover\">\n<tr class=\"row-1\">\n\t<td class=\"column-1\"><\/td><td colspan=\"7\" class=\"column-2\"><h5>Tercer curso \/ curs - Primer Cuatrimestre\/quatrimestre<\/h5><\/td>\n<\/tr>\n<tr class=\"row-2\">\n\t<td class=\"column-1\"><strong>C\u00f3digo\/Codi<\/strong><\/td><td class=\"column-2\"><strong>Asignaturas \/ Assignatures<\/strong><\/td><td class=\"column-3\"><strong>C\/Q<\/strong><\/td><td class=\"column-4\"><strong>Profesorado\/ Professorat<\/strong><\/td><td class=\"column-5\"><strong>D\u00eda\/Dia<\/strong><\/td><td class=\"column-6\"><strong>Hora<\/strong><\/td><td class=\"column-7\"><strong>Aula<\/strong><\/td><td class=\"column-8\"><strong>Sede<\/strong><\/td>\n<\/tr>\n<tr class=\"row-3\">\n\t<td class=\"column-1\">69013022<\/td><td class=\"column-2\">Sistemas administrativos comparados \/ Sistemes administratius comparats<\/td><td class=\"column-3\">1<\/td><td class=\"column-4\">L. Carrasco<\/td><td class=\"column-5\">Lunes\/Dilluns<\/td><td class=\"column-6\">19.30<\/td><td class=\"column-7\">T. 6<\/td><td class=\"column-8\">Mallorca<\/td>\n<\/tr>\n<tr class=\"row-4\">\n\t<td class=\"column-1\">6601304-<\/td><td class=\"column-2\">Derecho de la Funci\u00f3n P\u00fablica \/ Dret de la Funci\u00f3 P\u00fablica<\/td><td class=\"column-3\">1<\/td><td class=\"column-4\">A. de Pano<\/td><td class=\"column-5\">Martes\/Dimarts<\/td><td class=\"column-6\">17:30<\/td><td class=\"column-7\">T.7<\/td><td class=\"column-8\">Mallorca<\/td>\n<\/tr>\n<tr class=\"row-5\">\n\t<td class=\"column-1\">66903011<\/td><td class=\"column-2\">Derecho Administrativo IV \/ Dret Administratiu IV (Com\u00fan Derecho\/Com\u00fa Dret)<\/td><td class=\"column-3\">1<\/td><td class=\"column-4\">M. Hurtado<\/td><td class=\"column-5\">Viernes\/Divendres<\/td><td class=\"column-6\">17.30<\/td><td class=\"column-7\">T. 8<\/td><td class=\"column-8\">Mallorca<\/td>\n<\/tr>\n<tr class=\"row-6\">\n\t<td class=\"column-1\">66013027<\/td><td class=\"column-2\">Gesti\u00f3n P\u00fablica \/ Gesti\u00f3 P\u00fablica (CCJJAAPP)<br \/>\n<\/td><td class=\"column-3\">1<\/td><td class=\"column-4\"><\/td><td class=\"column-5\">INTERCAMPUS<\/td><td class=\"column-6\"><\/td><td class=\"column-7\"><\/td><td class=\"column-8\"><\/td>\n<\/tr>\n<tr class=\"row-7\">\n\t<td class=\"column-1\">66012097<\/td><td class=\"column-2\">Derecho Constitucional III \/ Dret Constitucional III<\/td><td class=\"column-3\">1<\/td><td class=\"column-4\"><\/td><td class=\"column-5\">INTERCAMPUS<\/td><td class=\"column-6\"><\/td><td class=\"column-7\"><\/td><td class=\"column-8\"><\/td>\n<\/tr>\n<\/tbody>\n<\/table>\n<!-- #tablepress-166 from cache --><br \/>\n\n<table id=\"tablepress-165\" class=\"tablepress tablepress-id-165 tbody-has-connected-cells\">\n<tbody class=\"row-striping row-hover\">\n<tr class=\"row-1\">\n\t<td class=\"column-1\"><\/td><td colspan=\"7\" class=\"column-2\"><h5>Tercer curso\/curs - Segundo Cuatrimestre\/Segon quadrimestre<\/h5>\t<\/td>\n<\/tr>\n<tr class=\"row-2\">\n\t<td class=\"column-1\"><strong>C\u00f3digo\/Codi<\/strong><\/td><td class=\"column-2\"><strong>Asignaturas \/ Assignatures<\/strong><\/td><td class=\"column-3\"><strong>C\/Q<\/strong><\/td><td class=\"column-4\"><strong>Profesorado\/ Professorat<\/strong><\/td><td class=\"column-5\"><strong>D\u00eda\/Dia<\/strong><\/td><td class=\"column-6\"><strong>Hora<\/strong><\/td><td class=\"column-7\"><strong>Aula<\/strong><\/td><td class=\"column-8\"><strong>Sede<\/strong><\/td>\n<\/tr>\n<tr class=\"row-3\">\n\t<td class=\"column-1\">66013033<\/td><td class=\"column-2\">Derecho Administrativo Europeo \/ Dret Administratiu Europeu<\/td><td class=\"column-3\">2<\/td><td class=\"column-4\">A. de Pano<\/td><td class=\"column-5\">Martes\/Dimarts<\/td><td class=\"column-6\">17.30<\/td><td class=\"column-7\">A. 8<\/td><td class=\"column-8\">Mallorca<\/td>\n<\/tr>\n<tr class=\"row-4\">\n\t<td class=\"column-1\">66024054<\/td><td class=\"column-2\">Derecho de la Protecci\u00f3n Social \/ Dret de la Protecci\u00f3 Social (Com\u00fan Derecho\/Com\u00fa Dret)<\/td><td class=\"column-3\">2<\/td><td class=\"column-4\">M\u00aaJ. Ferrandis<\/td><td class=\"column-5\">Jueves\/Dijous<\/td><td class=\"column-6\">17.30<\/td><td class=\"column-7\">T. 2<\/td><td class=\"column-8\">Mallorca<\/td>\n<\/tr>\n<tr class=\"row-5\">\n\t<td class=\"column-1\">66012051<\/td><td class=\"column-2\">Derecho Constitucional IV \/ Dret Constitucional IV<\/td><td class=\"column-3\">2<\/td><td class=\"column-4\">V. Vaquero<\/td><td class=\"column-5\">Mi\u00e9rcoles\/Dimecres<\/td><td class=\"column-6\">18.30<\/td><td class=\"column-7\">Aula 5<\/td><td class=\"column-8\">Menorca<\/td>\n<\/tr>\n<tr class=\"row-6\">\n\t<td class=\"column-1\">66013079<\/td><td class=\"column-2\">Jurisdicci\u00f3n Contencioso-Administrativa \/ Jurisdicci\u00f3 Contenciosa-Administrativa<\/td><td class=\"column-3\">2<\/td><td class=\"column-4\">INTERCAMPUS<\/td><td class=\"column-5\"><\/td><td class=\"column-6\"><\/td><td class=\"column-7\"><\/td><td class=\"column-8\"><\/td>\n<\/tr>\n<tr class=\"row-7\">\n\t<td class=\"column-1\">66013056<\/td><td class=\"column-2\">Tutela penal de las  administraciones p\u00fablicas \/ Tutela penal de les administracions p\u00fabliques<\/td><td class=\"column-3\">2<\/td><td class=\"column-4\">INTERCAMPUS<\/td><td class=\"column-5\"><\/td><td class=\"column-6\"><\/td><td class=\"column-7\"><\/td><td class=\"column-8\"><\/td>\n<\/tr>\n<\/tbody>\n<\/table>\n<!-- #tablepress-165 from cache --><br \/>\n\n<table id=\"tablepress-167\" class=\"tablepress tablepress-id-167 tbody-has-connected-cells\">\n<tbody class=\"row-striping row-hover\">\n<tr class=\"row-1\">\n\t<td class=\"column-1\"><\/td><td colspan=\"7\" class=\"column-2\"><h5>Cuarto curso\/Quart curs - Primer Cuatrimestre\/quadrimestre<\/h5><\/td>\n<\/tr>\n<tr class=\"row-2\">\n\t<td class=\"column-1\"><strong>C\u00f3digo\/Codi<\/strong><\/td><td class=\"column-2\"><strong>Asignaturas \/ Assignatures<\/strong><\/td><td class=\"column-3\"><strong>C\/Q<\/strong><\/td><td class=\"column-4\"><strong>Profesorado\/ Professorat<\/strong><\/td><td class=\"column-5\"><strong>D\u00eda\/Dia<\/strong><\/td><td class=\"column-6\"><strong>Hora<\/strong><\/td><td class=\"column-7\"><strong>Aula<\/strong><\/td><td class=\"column-8\"><strong>Sede<\/strong><\/td>\n<\/tr>\n<tr class=\"row-3\">\n\t<td class=\"column-1\">66903028<\/td><td class=\"column-2\">Inmigraci\u00f3n y Extranjer\u00eda: Derechos de los Extranjeros \/ Immigraci\u00f3 i Extrangeria: Drets dels Estrangers<\/td><td class=\"column-3\">1<\/td><td class=\"column-4\">S. Sintes<\/td><td class=\"column-5\">Lunes\/Dilluns<\/td><td class=\"column-6\">17.30<\/td><td class=\"column-7\">A. 5<\/td><td class=\"column-8\">Menorca<\/td>\n<\/tr>\n<tr class=\"row-4\">\n\t<td class=\"column-1\">69902012<\/td><td class=\"column-2\">An\u00e1lisis de Pol\u00edticas P\u00fablicas \/ An\u00e0lisi de Pol\u00edtiques P\u00fabliques (Com\u00fan C.Pol\u00edtica\/Com\u00fa C.Pol\u00cdtica)<\/td><td class=\"column-3\">1<\/td><td class=\"column-4\">I.M\u00aa Pascual<\/td><td class=\"column-5\">Mi\u00e9rcoles\/Dimecres<\/td><td class=\"column-6\">18.30<\/td><td class=\"column-7\">T. 10<\/td><td class=\"column-8\">Mallorca<\/td>\n<\/tr>\n<tr class=\"row-5\">\n\t<td class=\"column-1\">69013074<\/td><td class=\"column-2\">Actores y comportamiento pol\u00edtica (Com\u00fan C.Pol\u00edtica)<\/td><td class=\"column-3\">1<\/td><td class=\"column-4\">R. del Olmo<\/td><td class=\"column-5\">Viernes\/Divendres<\/td><td class=\"column-6\">17.30<\/td><td class=\"column-7\">T. 10<\/td><td class=\"column-8\">Mallorca<\/td>\n<\/tr>\n<tr class=\"row-6\">\n\t<td class=\"column-1\">66014015<\/td><td class=\"column-2\">Regulaci\u00f3n Econ\u00f3mica \/ Regulaci\u00f3 Econ\u00f2mica<\/td><td class=\"column-3\">1<\/td><td class=\"column-4\">INTERCAMPUS<\/td><td class=\"column-5\"><\/td><td class=\"column-6\"><\/td><td class=\"column-7\"><\/td><td class=\"column-8\"><\/td>\n<\/tr>\n<tr class=\"row-7\">\n\t<td class=\"column-1\">66014050<\/td><td class=\"column-2\">Derecho Mercantil y Administraciones P\u00fablicas \/ Dret Mercantil i Administracions P\u00fabliques<\/td><td class=\"column-3\">1<\/td><td class=\"column-4\">INTERCAMPUS<\/td><td class=\"column-5\"><\/td><td class=\"column-6\"><\/td><td class=\"column-7\"><\/td><td class=\"column-8\"><\/td>\n<\/tr>\n<tr class=\"row-8\">\n\t<td class=\"column-1\">66014067<\/td><td class=\"column-2\">Procedimientos Tributarios \/ Procediments Tributaris<\/td><td class=\"column-3\">1<\/td><td class=\"column-4\">INTERCAMPUS<\/td><td class=\"column-5\"><\/td><td class=\"column-6\"><\/td><td class=\"column-7\"><\/td><td class=\"column-8\"><\/td>\n<\/tr>\n<\/tbody>\n<\/table>\n<!-- #tablepress-167 from cache --><br \/>\n\n<table id=\"tablepress-168\" class=\"tablepress tablepress-id-168 tbody-has-connected-cells\">\n<tbody class=\"row-striping row-hover\">\n<tr class=\"row-1\">\n\t<td class=\"column-1\"><\/td><td colspan=\"7\" class=\"column-2\"><h5>Cuarto curso\/ Quart curs - Segundo Cuatrimestre\/Segon quadrimestre<\/h5><\/td>\n<\/tr>\n<tr class=\"row-2\">\n\t<td class=\"column-1\"><strong>C\u00f3digo\/Codi<\/strong><\/td><td class=\"column-2\"><strong>Asignaturas \/ Assignatures<\/strong><\/td><td class=\"column-3\"><strong>C\/Q<\/strong><\/td><td class=\"column-4\"><strong>Profesorado\/ Professorat<\/strong><\/td><td class=\"column-5\"><strong>D\u00eda\/Dia<\/strong><\/td><td class=\"column-6\"><strong>Hora<\/strong><\/td><td class=\"column-7\"><strong>Aula<\/strong><\/td><td class=\"column-8\"><strong>Sede<\/strong><\/td>\n<\/tr>\n<tr class=\"row-3\">\n\t<td class=\"column-1\">66014073<\/td><td class=\"column-2\">Derecho del Consumo \/ Dret del Consum (Com\u00fan Derecho\/Com\u00fa Dret)<\/td><td class=\"column-3\">2<\/td><td class=\"column-4\">M. Hurtado<\/td><td class=\"column-5\">Martes\/Dimarts<br \/>\n<\/td><td class=\"column-6\">17.30<\/td><td class=\"column-7\">T. 1<\/td><td class=\"column-8\">Mallorca<\/td>\n<\/tr>\n<tr class=\"row-4\">\n\t<td class=\"column-1\">66014021<\/td><td class=\"column-2\">Trabajo Fin de Grado \/ Treball Fi de Grau (CCJJAAPP)<\/td><td class=\"column-3\">2<\/td><td class=\"column-4\">INTERCAMPUS<\/td><td class=\"column-5\"><\/td><td class=\"column-6\"><\/td><td class=\"column-7\"><\/td><td class=\"column-8\"><\/td>\n<\/tr>\n<tr class=\"row-5\">\n\t<td class=\"column-1\">66014038<\/td><td class=\"column-2\">Administraciones P\u00fablicas y Entidades Religiosas \/ Admnistracions P\u00fabliques i Entitats Religioses<\/td><td class=\"column-3\">2<\/td><td class=\"column-4\">INTERCAMPUS<\/td><td class=\"column-5\"><\/td><td class=\"column-6\"><\/td><td class=\"column-7\"><\/td><td class=\"column-8\"><\/td>\n<\/tr>\n<tr class=\"row-6\">\n\t<td class=\"column-1\"><\/td><td class=\"column-2\">Optativas \/ Optatives<\/td><td class=\"column-3\">2<\/td><td class=\"column-4\">INTERCAMPUS<\/td><td class=\"column-5\"><\/td><td class=\"column-6\"><\/td><td class=\"column-7\"><\/td><td class=\"column-8\"><\/td>\n<\/tr>\n<\/tbody>\n<\/table>\n<!-- #tablepress-168 from cache --><\/p>\n<!-- The table with the ID 386 is empty! --><!-- #tablepress-386 from cache -->\n","protected":false},"excerpt":{"rendered":"<p>RECURSOS Compra de material en\u00a0Librer\u00eda virtual Listado de asignaturas Grabaciones (Primer cuatrimestre) Grabaciones (Segundo cuatrimestre) HORARIOS \/ HORARIS\u00a0 (2025\/2026) \u00a0<\/p>\n","protected":false},"author":1,"featured_media":0,"parent":1288,"menu_order":0,"comment_status":"closed","ping_status":"closed","template":"","meta":{"_acf_changed":false,"footnotes":""},"acf":[],"_links":{"self":[{"href":"https:\/\/uned-illesbalears.net\/ca\/wp-json\/wp\/v2\/pages\/1335"}],"collection":[{"href":"https:\/\/uned-illesbalears.net\/ca\/wp-json\/wp\/v2\/pages"}],"about":[{"href":"https:\/\/uned-illesbalears.net\/ca\/wp-json\/wp\/v2\/types\/page"}],"author":[{"embeddable":true,"href":"https:\/\/uned-illesbalears.net\/ca\/wp-json\/wp\/v2\/users\/1"}],"replies":[{"embeddable":true,"href":"https:\/\/uned-illesbalears.net\/ca\/wp-json\/wp\/v2\/comments?post=1335"}],"version-history":[{"count":15,"href":"https:\/\/uned-illesbalears.net\/ca\/wp-json\/wp\/v2\/pages\/1335\/revisions"}],"predecessor-version":[{"id":278000,"href":"https:\/\/uned-illesbalears.net\/ca\/wp-json\/wp\/v2\/pages\/1335\/revisions\/278000"}],"up":[{"embeddable":true,"href":"https:\/\/uned-illesbalears.net\/ca\/wp-json\/wp\/v2\/pages\/1288"}],"wp:attachment":[{"href":"https:\/\/uned-illesbalears.net\/ca\/wp-json\/wp\/v2\/media?parent=1335"}],"curies":[{"name":"wp","href":"https:\/\/api.w.org\/{rel}","templated":true}]}}