{"id":10884,"date":"2014-08-08T08:02:39","date_gmt":"2014-08-08T08:02:39","guid":{"rendered":"https:\/\/uned-illesbalears.net\/recursos-para-estudiantes\/horarios-practicas\/formulario-practicas-de-grado-en-quimica\/"},"modified":"2025-10-15T06:03:56","modified_gmt":"2025-10-15T04:03:56","slug":"formulario-practicas-de-grado-en-quimica","status":"publish","type":"page","link":"https:\/\/uned-illesbalears.net\/ca\/recursos-para-estudiantes\/horaris-practiques\/formulario-practicas-de-grado-en-quimica\/","title":{"rendered":"Formulario pr\u00e1cticas de Grado en Qu\u00edmica"},"content":{"rendered":"<h3 style=\"text-align: center;\"><span style=\"color: #008000;\"><strong>CALENDARIO DE LAS PR\u00c1CTICAS DE LABORATORIO\u00a0 DEL CENTRO DE LA UNED BALEARES. Curso 2025-2026<\/strong><\/span><\/h3>\n<p><span style=\"color: #008000;\"><strong>Las pr\u00e1cticas se desarrollan en las instalaciones del Centro de la UNED en Palma de Mallorca<\/strong><\/span><\/p>\n<h5><span style=\"color: #008000;\"><strong>Los estudiantes interesados deben inscribirse mediante el formulario online disponible en el men\u00fa de esta p\u00e1gina o en la aplicaci\u00f3n disponible en Mis pr\u00e1cticas,\u00a0 DOS SEMANAS ANTES DE LA FECHA DE LAS PR\u00c1CTICAS<\/strong><\/span><\/h5>\n<h5><span style=\"color: #008000;\">Los estudiantes que residen en Menorca, Ibiza y Formentera podr\u00e1n\u00a0 solicitar ayudas al desplazamiento a Mallorca a la Conselleria d\u2019Educaci\u00f3, Cultura i Universitats. Es necesario matricularse de, al menos, 42 ECTS.<\/span><\/h5>\n<p><span style=\"color: #008000;\">Si reside fuera de la Comunidad Aut\u00f3noma de las Baleares ind\u00edquelo en el apartado de observaciones en la solicitud de inscripci\u00f3n.<\/span><\/p>\n<h3>Horario<\/h3>\n\n<table id=\"tablepress-380\" class=\"tablepress tablepress-id-380 tbody-has-connected-cells\">\n<tbody class=\"row-striping row-hover\">\n<tr class=\"row-1\">\n\t<td class=\"column-1\"><\/td><td colspan=\"5\" class=\"column-2\"><h5>Pr\u00e1cticas laboratorio Grado en  Qu\u00edmica\/Pr\u00e0ctiques laboratori Grau en  Qu\u00edmica<\/h5><\/td><td colspan=\"4\" class=\"column-7\"><\/td>\n<\/tr>\n<tr class=\"row-2\">\n\t<td class=\"column-1\"><\/td><td colspan=\"5\" class=\"column-2\"><h5>Primer curso\/curs - Primer cuatrimestre\/quadrimestre<\/h5><\/td><td colspan=\"4\" class=\"column-7\"><\/td>\n<\/tr>\n<tr class=\"row-3\">\n\t<td class=\"column-1\"><strong>C\u00f3digo\/Codi<\/strong><\/td><td class=\"column-2\"><strong>Asignaturas \/ Assignatures<\/strong><\/td><td class=\"column-3\"><strong>Curso\/Curs<\/strong><\/td><td class=\"column-4\"><strong>C\/Q<\/strong><\/td><td class=\"column-5\"><strong>Profesorado\/ Professorat<\/strong><\/td><td class=\"column-6\"><strong>Fecha\/Data<\/strong><\/td><td class=\"column-7\"><strong>D\u00eda\/Dia<\/strong><\/td><td class=\"column-8\"><strong>Hora<\/strong><\/td><td class=\"column-9\"><strong>Aula<\/strong><\/td><td class=\"column-10\"><strong>observaciones \/ Obsrvacions<\/strong><\/td>\n<\/tr>\n<tr class=\"row-4\">\n\t<td class=\"column-1\">61031109<\/td><td class=\"column-2\">Geolog\u00eda\/Geologia<br \/>\n<br \/>\n<\/td><td class=\"column-3\">1<\/td><td class=\"column-4\">1<\/td><td class=\"column-5\">J.Aurell<\/td><td class=\"column-6\">14 noviembre<br \/>\n15 noviembre<\/td><td class=\"column-7\">Viernes\/Divendres<br \/>\nS\u00e1bado\/Dissabte<\/td><td class=\"column-8\">17.30-21.30<br \/>\n9:30-13:30<\/td><td class=\"column-9\">Laboratorio<\/td><td class=\"column-10\">Consultar foro tutor.<br \/>\nCurso 2025-2026<br \/>\n<\/td>\n<\/tr>\n<tr class=\"row-5\">\n\t<td class=\"column-1\"><\/td><td colspan=\"9\" class=\"column-2\"><h5>Primer curso\/curs - Segundo cuatrimestre\/quadrimestre<\/h5><\/td>\n<\/tr>\n<tr class=\"row-6\">\n\t<td class=\"column-1\"><strong>C\u00f3digo\/Codi<\/strong><\/td><td class=\"column-2\"><strong>Asignaturas \/ Assignatures<\/strong><\/td><td class=\"column-3\"><strong>Curso\/Curs<\/strong><\/td><td class=\"column-4\"><strong>C\/Q<\/strong><\/td><td class=\"column-5\"><strong>Profesorado\/ Professorat<\/strong><\/td><td class=\"column-6\"><strong>Fecha\/Data<\/strong><\/td><td class=\"column-7\"><strong>D\u00eda\/Dia<\/strong><\/td><td class=\"column-8\"><strong>Hora<\/strong><\/td><td class=\"column-9\"><strong>Aula<\/strong><\/td><td class=\"column-10\"><strong>observaciones \/ Obsrvacions<\/strong><\/td>\n<\/tr>\n<tr class=\"row-7\">\n\t<td class=\"column-1\">61031090<\/td><td class=\"column-2\">Operaciones b\u00e1sicas en el laboratorio de Qu\u00edmica\/<br \/>\nOperacions b\u00e0siques en el laboratori de Qu\u00edmica<br \/>\n<br \/>\n<br \/>\n<\/td><td class=\"column-3\">1<\/td><td class=\"column-4\">2<\/td><td class=\"column-5\">J. Natta<\/td><td class=\"column-6\">9 marzo<br \/>\n10 marzo<br \/>\n16 marzo<br \/>\n17 marzo<br \/>\n23 marzo<br \/>\n24 marzo<br \/>\n13 abril<br \/>\n14 abril<br \/>\n<br \/>\n<\/td><td class=\"column-7\">Lunes\/Dilluns<br \/>\nMartes\/Dimarts<br \/>\nLunes\/Dilluns<br \/>\nMartes\/Dimarts<br \/>\nLunes\/Dilluns<br \/>\nMartes\/Dimarts<br \/>\nLunes\/Dilluns<br \/>\nMartes\/Dimarts<\/td><td class=\"column-8\">16:30-21:30<br \/>\n<\/td><td class=\"column-9\">Laboratorio<\/td><td class=\"column-10\">Consultar foro tutor.<br \/>\nCurso 2025-2026<br \/>\n<\/td>\n<\/tr>\n<tr class=\"row-8\">\n\t<td class=\"column-1\"><\/td><td colspan=\"9\" class=\"column-2\"><h5>Segundo curso\/Segon curs - Segundo Cuatrimestre\/Segon quadrimestre<\/h5><\/td>\n<\/tr>\n<tr class=\"row-9\">\n\t<td class=\"column-1\"><strong>C\u00f3digo\/Codi<\/strong><\/td><td class=\"column-2\"><strong>Asignaturas \/ Assignatures<\/strong><\/td><td class=\"column-3\"><strong>Curso\/Curs<\/strong><\/td><td class=\"column-4\"><strong>C\/Q<\/strong><\/td><td class=\"column-5\"><strong>Profesorado\/ Professorat<\/strong><\/td><td class=\"column-6\"><strong>Fecha\/Data<\/strong><\/td><td class=\"column-7\"><strong>D\u00eda\/Dia<\/strong><\/td><td class=\"column-8\"><strong>Hora<\/strong><\/td><td class=\"column-9\"><strong>Aula<\/strong><\/td><td class=\"column-10\"><strong>observaciones \/ Obsrvacions<\/strong><\/td>\n<\/tr>\n<tr class=\"row-10\">\n\t<td class=\"column-1\">6103211-<\/td><td class=\"column-2\">Introducci\u00f3n a la experimentaci\u00f3n en qu\u00edmica f\u00edsica y qu\u00edmica anal\u00edtica\/Introducci\u00f3 a l'experimentaci\u00f3 en qu\u00edmica f\u00edsica i qu\u00edmica anal\u00edtica<\/td><td class=\"column-3\">2<\/td><td class=\"column-4\">2<\/td><td class=\"column-5\">J. Natta<\/td><td class=\"column-6\">9 marzo<br \/>\n10 marzo<br \/>\n16 marzo<br \/>\n17 marzo<br \/>\n23 marzo<br \/>\n24 marzo<br \/>\n13 abril<br \/>\n14 abril<br \/>\n<\/td><td class=\"column-7\">Lunes\/Dilluns<br \/>\nMartes\/Dimarts<br \/>\nLunes\/Dilluns<br \/>\nMartes\/Dimarts<br \/>\nLunes\/Dilluns<br \/>\nMartes\/Dimarts<br \/>\nLunes\/Dilluns<br \/>\nMartes\/Dimarts<\/td><td class=\"column-8\">16:30-21:30<br \/>\n<\/td><td class=\"column-9\">Laboratorio<\/td><td class=\"column-10\">Consultar foro tutor. Curso 2025-2026<br \/>\n<\/td>\n<\/tr>\n<tr class=\"row-11\">\n\t<td class=\"column-1\">61032103<\/td><td class=\"column-2\">Introducci\u00f3n a la experimentaci\u00f3n en qu\u00edmica inorg\u00e1nica y qu\u00edmica org\u00e1nica\/ Introducci\u00f3 a l'experimentaci\u00f3 en qu\u00edmica inorg\u00e0nica i qu\u00edmica org\u00e0nica<\/td><td class=\"column-3\">2<\/td><td class=\"column-4\">2<\/td><td class=\"column-5\">J. Natta<\/td><td class=\"column-6\">9 marzo<br \/>\n10 marzo<br \/>\n16 marzo<br \/>\n17 marzo<br \/>\n23 marzo<br \/>\n24 marzo<br \/>\n13 abril<br \/>\n14 abril<br \/>\n<\/td><td class=\"column-7\">Lunes\/Dilluns<br \/>\nMartes\/Dimarts<br \/>\nLunes\/Dilluns<br \/>\nMartes\/Dimarts<br \/>\nLunes\/Dilluns<br \/>\nMartes\/Dimarts<br \/>\nLunes\/Dilluns<br \/>\nMartes\/Dimarts<\/td><td class=\"column-8\">16:30-21:30<br \/>\n<\/td><td class=\"column-9\">Laboratorio<\/td><td class=\"column-10\">Consultar foro tutor.<br \/>\nCurso 2025-2026<br \/>\n<\/td>\n<\/tr>\n<\/tbody>\n<\/table>\n<!-- #tablepress-380 from cache -->\n<h3>Inscripci\u00f3n<\/h3>\n<p>&nbsp;<\/p>\n","protected":false},"excerpt":{"rendered":"<p>CALENDARIO DE LAS PR\u00c1CTICAS DE LABORATORIO\u00a0 DEL CENTRO DE LA UNED BALEARES. Curso 2025-2026 Las pr\u00e1cticas se desarrollan en las instalaciones del Centro de la UNED en Palma de Mallorca Los estudiantes interesados deben inscribirse mediante el formulario online disponible en el men\u00fa de esta p\u00e1gina o en la aplicaci\u00f3n disponible en Mis pr\u00e1cticas,\u00a0 DOS [&hellip;]<\/p>\n","protected":false},"author":1,"featured_media":0,"parent":10878,"menu_order":0,"comment_status":"closed","ping_status":"closed","template":"","meta":{"_acf_changed":false,"footnotes":""},"acf":[],"_links":{"self":[{"href":"https:\/\/uned-illesbalears.net\/ca\/wp-json\/wp\/v2\/pages\/10884"}],"collection":[{"href":"https:\/\/uned-illesbalears.net\/ca\/wp-json\/wp\/v2\/pages"}],"about":[{"href":"https:\/\/uned-illesbalears.net\/ca\/wp-json\/wp\/v2\/types\/page"}],"author":[{"embeddable":true,"href":"https:\/\/uned-illesbalears.net\/ca\/wp-json\/wp\/v2\/users\/1"}],"replies":[{"embeddable":true,"href":"https:\/\/uned-illesbalears.net\/ca\/wp-json\/wp\/v2\/comments?post=10884"}],"version-history":[{"count":16,"href":"https:\/\/uned-illesbalears.net\/ca\/wp-json\/wp\/v2\/pages\/10884\/revisions"}],"predecessor-version":[{"id":279768,"href":"https:\/\/uned-illesbalears.net\/ca\/wp-json\/wp\/v2\/pages\/10884\/revisions\/279768"}],"up":[{"embeddable":true,"href":"https:\/\/uned-illesbalears.net\/ca\/wp-json\/wp\/v2\/pages\/10878"}],"wp:attachment":[{"href":"https:\/\/uned-illesbalears.net\/ca\/wp-json\/wp\/v2\/media?parent=10884"}],"curies":[{"name":"wp","href":"https:\/\/api.w.org\/{rel}","templated":true}]}}